{"id":19104,"date":"2025-07-15T14:46:49","date_gmt":"2025-07-15T12:46:49","guid":{"rendered":"https:\/\/www.scbs-education.com\/faculte-2\/recherche-pedagogie"},"modified":"2026-01-14T14:32:30","modified_gmt":"2026-01-14T13:32:30","slug":"research-education","status":"publish","type":"page","link":"https:\/\/www.scbs-education.com\/en\/faculte\/research-education","title":{"rendered":"Research &amp; education"},"content":{"rendered":"\n<section class=\"ik-block-group wp-block-group alignfull scbs-bloc-intro is-layout-constrained wp-block-group-is-layout-constrained\"><div class=\"yoast-breadcrumbs\"><span><span><a href=\"https:\/\/www.scbs-education.com\/en\">SCBS<\/a><\/span> \ud83e\udc62 <span><a href=\"https:\/\/www.scbs-education.com\/en?page_id=19097\">Faculty<\/a><\/span> \ud83e\udc62 <span class=\"breadcrumb_last\" aria-current=\"page\">Research &amp; education<\/span><\/span><\/div>\n\n\n<div class=\"wp-block-columns are-vertically-aligned-center is-layout-flex wp-container-core-columns-is-layout-0e47273b wp-block-columns-is-layout-flex\">\n<div class=\"wp-block-column is-vertically-aligned-center is-layout-flow wp-block-column-is-layout-flow\">\n<figure class=\"wp-block-image size-full\"><img decoding=\"async\" width=\"577\" height=\"366\" src=\"https:\/\/www.scbs-education.com\/wp-content\/uploads\/2025\/07\/explorez-les-innovations-et-travaux-de-recherche.jpg\" alt=\"Explore innovations and research\" class=\"wp-image-1125\" srcset=\"https:\/\/www.scbs-education.com\/wp-content\/uploads\/2025\/07\/explorez-les-innovations-et-travaux-de-recherche.jpg 577w, https:\/\/www.scbs-education.com\/wp-content\/uploads\/2025\/07\/explorez-les-innovations-et-travaux-de-recherche-300x190.jpg 300w\" sizes=\"(max-width: 577px) 100vw, 577px\" \/><\/figure>\n\n\n\n<figure class=\"wp-block-image size-full\"><img decoding=\"async\" src=\"https:\/\/www.scbs-education.com\/wp-content\/uploads\/2025\/07\/scbs.svg\" alt=\"\" class=\"wp-image-818\"\/><\/figure>\n<\/div>\n\n\n\n<div class=\"wp-block-column is-vertically-aligned-center is-layout-flow wp-block-column-is-layout-flow\">\n<p class=\"surtitle wp-block-paragraph\">SCBS<\/p>\n\n\n\n<h1 class=\"wp-block-heading\"><strong>Explore innovations<\/strong> and research<\/h1>\n\n\n\n<div class=\"wp-block-buttons is-content-justification-center is-layout-flex wp-container-core-buttons-is-layout-36078703 wp-block-buttons-is-layout-flex\">\n<div class=\"wp-block-button is-style-icon\"><a class=\"wp-block-button__link wp-element-button\">Download the brochure<\/a><\/div>\n<\/div>\n<\/div>\n<\/div>\n<\/section>\n\n\n\n<section class=\"ik-block-group wp-block-group alignfull scbs-bloc-colonnes has-white-background-color has-background is-layout-constrained wp-block-group-is-layout-constrained\">\n<div class=\"wp-block-columns are-vertically-aligned-center is-layout-flex wp-container-core-columns-is-layout-0e47273b wp-block-columns-is-layout-flex\">\n<div class=\"wp-block-column is-vertically-aligned-center scbs-bloc-colonnes-desc is-layout-constrained wp-block-column-is-layout-constrained\">\n<h2 class=\"wp-block-heading\"><em>SCBS science policyAcademic research<\/em>of excellence and dissemination of knowledge<\/h2>\n\n\n\n<p class=\"wp-block-paragraph\">SCBS&#8217;s scientific policy is based on two major objectives: on the one hand, <strong>the continuous improvement of academic production, both in terms of quantity and quality<\/strong>, and on the other, <strong>the reinforcement of the dissemination of work to a variety of audiences<\/strong>: the scientific community, students, public players and the socio-economic world.  <strong>This research dynamic is part of a demanding academic approach, in line with international standards, and is an essential lever for teaching excellence.<\/strong>  The results produced feed directly into teaching content, guaranteeing rigorous, up-to-date training rooted in the realities of the field.<strong>  The expected impact goes beyond the academic sphere: the aim is to produce high value-added knowledge that is transferable and useful for transforming professional and educational practices.<\/strong><\/p>\n<\/div>\n\n\n\n<div class=\"wp-block-column is-vertically-aligned-center scbs-bloc-colonnes-visu is-layout-constrained wp-block-column-is-layout-constrained\">\n<figure class=\"wp-block-image size-full\"><img decoding=\"async\" width=\"2560\" height=\"1707\" src=\"https:\/\/www.scbs-education.com\/wp-content\/uploads\/2025\/09\/DSC09967-scaled.jpg\" alt=\"\" class=\"wp-image-18169\" srcset=\"https:\/\/www.scbs-education.com\/wp-content\/uploads\/2025\/09\/DSC09967-scaled.jpg 2560w, https:\/\/www.scbs-education.com\/wp-content\/uploads\/2025\/09\/DSC09967-300x200.jpg 300w, https:\/\/www.scbs-education.com\/wp-content\/uploads\/2025\/09\/DSC09967-1024x683.jpg 1024w, https:\/\/www.scbs-education.com\/wp-content\/uploads\/2025\/09\/DSC09967-768x512.jpg 768w, https:\/\/www.scbs-education.com\/wp-content\/uploads\/2025\/09\/DSC09967-1536x1024.jpg 1536w, https:\/\/www.scbs-education.com\/wp-content\/uploads\/2025\/09\/DSC09967-2048x1365.jpg 2048w\" sizes=\"(max-width: 2560px) 100vw, 2560px\" \/><\/figure>\n<\/div>\n<\/div>\n<\/section>\n\n\n\n<section class=\"ik-block-group wp-block-group alignfull scbs-bloc-title-icons pt0 has-white-background-color has-background is-layout-constrained wp-block-group-is-layout-constrained\">\n<div class=\"ik-block-group wp-block-group scbs-bloc-title-row is-layout-constrained wp-block-group-is-layout-constrained\">\n<h2 class=\"wp-block-heading has-third-color has-text-color has-link-color wp-elements-1\">Research area<\/h2>\n\n\n\n<div class=\"ik-block-grid wp-block-group scbs-bloc-icons is-layout-grid wp-container-core-group-is-layout-95949ffc wp-block-group-is-layout-grid\">\n<div class=\"ik-block-row wp-block-group scbs-bloc-icon is-nowrap is-layout-flex wp-container-core-group-is-layout-0e47273b wp-block-group-is-layout-flex\">\n<figure class=\"wp-block-image size-full\"><img decoding=\"async\" src=\"https:\/\/www.scbs-education.com\/wp-content\/uploads\/2025\/07\/icon-etudiant.svg\" alt=\"\" class=\"wp-image-525\"\/><\/figure>\n\n\n\n<p class=\"wp-block-paragraph\">Social and Solidarity Economy (SSE), Corporate Social Responsibility (CSR) and inclusion dynamics<\/p>\n<\/div>\n\n\n\n<div class=\"ik-block-row wp-block-group scbs-bloc-icon is-nowrap is-layout-flex wp-container-core-group-is-layout-0e47273b wp-block-group-is-layout-flex\">\n<figure class=\"wp-block-image size-full\"><img decoding=\"async\" src=\"https:\/\/www.scbs-education.com\/wp-content\/uploads\/2025\/07\/professeurs-internationaux.svg\" alt=\"\" class=\"wp-image-539\"\/><\/figure>\n\n\n\n<p class=\"wp-block-paragraph\">Innovation management and entrepreneurship<\/p>\n<\/div>\n\n\n\n<div class=\"ik-block-row wp-block-group scbs-bloc-icon is-nowrap is-layout-flex wp-container-core-group-is-layout-0e47273b wp-block-group-is-layout-flex\">\n<figure class=\"wp-block-image size-full\"><img decoding=\"async\" src=\"https:\/\/www.scbs-education.com\/wp-content\/uploads\/2025\/07\/developper-la-responsabilite-societale-et-environnementale.svg\" alt=\"\" class=\"wp-image-315\"\/><\/figure>\n\n\n\n<p class=\"wp-block-paragraph\">Sustainable and societal transformations  <\/p>\n<\/div>\n<\/div>\n<\/div>\n<\/section>\n\n\n\n<section class=\"ik-block-group wp-block-group alignfull fac-personnel is-layout-constrained wp-block-group-is-layout-constrained\">\n<div class=\"ik-block-group wp-block-group is-layout-constrained wp-block-group-is-layout-constrained\">\n<h2 class=\"wp-block-heading\">The Faculty<\/h2>\n<\/div>\n\n\n\n<div class=\"wp-block-columns is-layout-flex wp-container-core-columns-is-layout-0e47273b wp-block-columns-is-layout-flex\">\n<div class=\"wp-block-column is-layout-flow wp-block-column-is-layout-flow\">\n<div class=\"ik-block-group wp-block-group fac-personnel-single grid-plus is-layout-constrained wp-block-group-is-layout-constrained\">\n<div class=\"ik-block-row wp-block-group fac-personnel-single-base is-nowrap is-layout-flex wp-container-core-group-is-layout-0e47273b wp-block-group-is-layout-flex\">\n<figure class=\"wp-block-image size-full is-resized fac-personnel-single-photo\"><img decoding=\"async\" width=\"2560\" height=\"1707\" src=\"https:\/\/www.scbs-education.com\/wp-content\/uploads\/2025\/09\/DSC08532-scaled.jpg\" alt=\"\" class=\"wp-image-18174\" style=\"width:228px;height:auto\" srcset=\"https:\/\/www.scbs-education.com\/wp-content\/uploads\/2025\/09\/DSC08532-scaled.jpg 2560w, https:\/\/www.scbs-education.com\/wp-content\/uploads\/2025\/09\/DSC08532-300x200.jpg 300w, https:\/\/www.scbs-education.com\/wp-content\/uploads\/2025\/09\/DSC08532-1024x683.jpg 1024w, https:\/\/www.scbs-education.com\/wp-content\/uploads\/2025\/09\/DSC08532-768x512.jpg 768w, https:\/\/www.scbs-education.com\/wp-content\/uploads\/2025\/09\/DSC08532-1536x1024.jpg 1536w, https:\/\/www.scbs-education.com\/wp-content\/uploads\/2025\/09\/DSC08532-2048x1365.jpg 2048w\" sizes=\"(max-width: 2560px) 100vw, 2560px\" \/><\/figure>\n\n\n\n<div class=\"ik-block-group wp-block-group fac-personnel-single-infos is-layout-constrained wp-block-group-is-layout-constrained\">\n<p class=\"fac-personnel-single-nom wp-block-paragraph\">Dima Al Mansour  <\/p>\n\n\n\n<div class=\"ik-block-row wp-block-group is-nowrap is-layout-flex wp-container-core-group-is-layout-0e47273b wp-block-group-is-layout-flex\">\n<div class=\"ik-block-group wp-block-group fac-personnel-single-row-mail-fonction is-layout-constrained wp-block-group-is-layout-constrained\">\n<p class=\"fac-personnel-single-mail wp-block-paragraph\">dima.al-mansour@yschools.fr<\/p>\n\n\n\n<p class=\"fac-personnel-single-fonction wp-block-paragraph\">Permanent teacher<\/p>\n<\/div>\n\n\n\n<p class=\"fac-personnel-single-plus grid-toggle wp-block-paragraph\">See more<\/p>\n<\/div>\n<\/div>\n<\/div>\n\n\n\n<div class=\"ik-block-group wp-block-group fac-personnel-single-details grid-details is-layout-constrained wp-block-group-is-layout-constrained\">\n<div class=\"ik-block-row wp-block-group is-nowrap is-layout-flex wp-container-core-group-is-layout-0e47273b wp-block-group-is-layout-flex\">\n<div class=\"ik-block-group wp-block-group is-layout-constrained wp-block-group-is-layout-constrained\">\n<p class=\"wp-block-paragraph\"><em>Expertise<\/em><\/p>\n\n\n\n<p class=\"wp-block-paragraph\">The use of English for professional and social purposes.<br>TOEIC trainer<br><\/p>\n<\/div>\n\n\n\n<div class=\"ik-block-group wp-block-group is-layout-constrained wp-block-group-is-layout-constrained\">\n<p class=\"wp-block-paragraph\"><em>Last diploma<\/em><\/p>\n\n\n\n<p class=\"wp-block-paragraph\"><strong>Bachelor of Arts in English<\/strong>, Damascus, 2033<\/p>\n<\/div>\n<\/div>\n\n\n\n<div class=\"ik-block-group wp-block-group is-layout-constrained wp-block-group-is-layout-constrained\">\n<p class=\"wp-block-paragraph\"><em>Professional experience<\/em><\/p>\n\n\n\n<p class=\"wp-block-paragraph\"><strong>Teacher &amp; Permanent Coordinator,<\/strong> Y SCHOOLS, since 2014<\/p>\n\n\n\n<p class=\"wp-block-paragraph\"><strong>English teacher<\/strong>, Lyc\u00e9e Charles de Gaulle, 2007-2012<br><strong>English teacher<\/strong>, Montessori School, 2004-2007<br><strong>Arabic teacher<\/strong>, Damascus University, 1999-2001<\/p>\n<\/div>\n<\/div>\n<\/div>\n\n\n\n<div class=\"ik-block-group wp-block-group fac-personnel-single grid-plus is-layout-constrained wp-block-group-is-layout-constrained\">\n<div class=\"ik-block-row wp-block-group fac-personnel-single-base is-nowrap is-layout-flex wp-container-core-group-is-layout-0e47273b wp-block-group-is-layout-flex\">\n<figure class=\"wp-block-image size-full is-resized fac-personnel-single-photo\"><img decoding=\"async\" src=\"https:\/\/www.scbs-education.com\/wp-content\/uploads\/2025\/09\/logo-scbs.svg\" alt=\"SCBS logo\" class=\"wp-image-1356\" style=\"width:201px;height:auto\"\/><\/figure>\n\n\n\n<div class=\"ik-block-group wp-block-group fac-personnel-single-infos is-layout-constrained wp-block-group-is-layout-constrained\">\n<p class=\"fac-personnel-single-nom wp-block-paragraph\">Arbia Chatmi<\/p>\n\n\n\n<div class=\"ik-block-row wp-block-group is-nowrap is-layout-flex wp-container-core-group-is-layout-0e47273b wp-block-group-is-layout-flex\">\n<div class=\"ik-block-group wp-block-group fac-personnel-single-row-mail-fonction is-layout-constrained wp-block-group-is-layout-constrained\">\n<p class=\"fac-personnel-single-mail wp-block-paragraph\">arbia.chatmi@yschools.fr<\/p>\n\n\n\n<p class=\"fac-personnel-single-fonction wp-block-paragraph\">Associate Professor<\/p>\n<\/div>\n\n\n\n<p class=\"fac-personnel-single-plus grid-toggle wp-block-paragraph\">See more<\/p>\n<\/div>\n<\/div>\n<\/div>\n\n\n\n<div class=\"ik-block-group wp-block-group fac-personnel-single-details grid-details is-layout-constrained wp-block-group-is-layout-constrained\">\n<div class=\"ik-block-row wp-block-group is-nowrap is-layout-flex wp-container-core-group-is-layout-0e47273b wp-block-group-is-layout-flex\">\n<div class=\"ik-block-group wp-block-group is-layout-constrained wp-block-group-is-layout-constrained\">\n<p class=\"wp-block-paragraph\"><em>Expertise<\/em><\/p>\n\n\n\n<p class=\"wp-block-paragraph\">International trade, Corporate strategy, Innovation management, Entrepreneurship, Financing and investment strategy.<\/p>\n<\/div>\n\n\n\n<div class=\"ik-block-group wp-block-group is-layout-constrained wp-block-group-is-layout-constrained\">\n<p class=\"wp-block-paragraph\"><em>Last diploma<\/em><\/p>\n\n\n\n<p class=\"wp-block-paragraph\"><strong>PhD in Economics, Finance and International Affairs<\/strong><br>Universit\u00e9 Aix-Marseille, 2012<\/p>\n<\/div>\n<\/div>\n\n\n\n<div class=\"ik-block-group wp-block-group is-layout-constrained wp-block-group-is-layout-constrained\">\n<p class=\"wp-block-paragraph\"><em>Publications<\/em><\/p>\n\n\n\n<p class=\"wp-block-paragraph\"><strong>&#8220;Assessing and improving co-creation in services: the customer-centric matrix&#8221;,<\/strong> Arbia Chatmi, Karim Elasri &amp; Fr\u00e9d\u00e9ric Ponsignon | International Journal of Quality and Service Sciences (2023)<br><strong>&#8220;Entrepreneurship and Knowledge spillovers from FDI and Exports concentration, diversification&#8221;,<\/strong> Arbia Chatmi &amp; Karim Elasri | Vol.35, n\u00b04, in International Journal of Entrepreneurship and Small Business (2018)<br><strong>&#8220;Competition among vortex firms: Marketing, R&amp;D or pricing strategy&#8221;,<\/strong> Arbia Chatmi &amp; Karim Elasri | Journal of High Technology Management Research (2017)<br><strong>&#8220;Les activit\u00e9s de service potentiellement d\u00e9localisables&#8221;,<\/strong><br>Arbia Chatmi | Economies et Soci\u00e9t\u00e9s (2015)<\/p>\n<\/div>\n<\/div>\n<\/div>\n\n\n\n<div class=\"ik-block-group wp-block-group fac-personnel-single grid-plus is-layout-constrained wp-block-group-is-layout-constrained\">\n<div class=\"ik-block-row wp-block-group fac-personnel-single-base is-nowrap is-layout-flex wp-container-core-group-is-layout-0e47273b wp-block-group-is-layout-flex\">\n<figure class=\"wp-block-image size-full fac-personnel-single-photo\"><img decoding=\"async\" src=\"https:\/\/www.scbs-education.com\/wp-content\/uploads\/2025\/07\/logo-scbs.svg\" alt=\"\" class=\"wp-image-32\"\/><\/figure>\n\n\n\n<div class=\"ik-block-group wp-block-group fac-personnel-single-infos is-layout-constrained wp-block-group-is-layout-constrained\">\n<p class=\"fac-personnel-single-nom wp-block-paragraph\">Julien de Freyman<\/p>\n\n\n\n<div class=\"ik-block-row wp-block-group is-nowrap is-layout-flex wp-container-core-group-is-layout-0e47273b wp-block-group-is-layout-flex\">\n<div class=\"ik-block-group wp-block-group fac-personnel-single-row-mail-fonction is-layout-constrained wp-block-group-is-layout-constrained\">\n<p class=\"fac-personnel-single-mail wp-block-paragraph\">julien.de-freyman@yschools.fr<\/p>\n\n\n\n<p class=\"fac-personnel-single-fonction wp-block-paragraph\">Associate Professor<\/p>\n<\/div>\n\n\n\n<p class=\"fac-personnel-single-plus grid-toggle wp-block-paragraph\">See more<\/p>\n<\/div>\n<\/div>\n<\/div>\n\n\n\n<div class=\"ik-block-group wp-block-group fac-personnel-single-details grid-details is-layout-constrained wp-block-group-is-layout-constrained\">\n<div class=\"ik-block-row wp-block-group is-nowrap is-layout-flex wp-container-core-group-is-layout-0e47273b wp-block-group-is-layout-flex\">\n<div class=\"ik-block-group wp-block-group is-layout-constrained wp-block-group-is-layout-constrained\">\n<p class=\"wp-block-paragraph\"><em>Expertise<\/em><\/p>\n\n\n\n<p class=\"wp-block-paragraph\">Company takeovers, Strategic growth and regeneration, Family businesses,<\/p>\n\n\n\n<p class=\"wp-block-paragraph\">Entrepreneurial education.<\/p>\n<\/div>\n\n\n\n<div class=\"ik-block-group wp-block-group is-layout-constrained wp-block-group-is-layout-constrained\">\n<p class=\"wp-block-paragraph\"><em>Last diploma<\/em><\/p>\n\n\n\n<p class=\"wp-block-paragraph\"><strong>PhD in Management Sciences<\/strong>, &#8220;La transition&nbsp;: phase essentielle de la r\u00e9ussite d&#8217;une reprise d&#8217;entreprise&#8221;, Universit\u00e9 de Bretagne Occidentale, 2009<\/p>\n<\/div>\n<\/div>\n\n\n\n<div class=\"ik-block-group wp-block-group is-layout-constrained wp-block-group-is-layout-constrained\">\n<p class=\"wp-block-paragraph\"><em>Publications<\/em><\/p>\n\n\n\n<p class=\"wp-block-paragraph\"><strong>&#8220;Resilience and post-takeover performance of SMEs: What influence in times of crisis&#8221;,<\/strong> De Freyman, J., Boussaguet, S., &amp; Giacomin, O. | Revue Fran\u00e7aise de Gestion, 51(321), 41-63 (2025)<\/p>\n\n\n\n<p class=\"wp-block-paragraph\">&#8220;<strong>La l\u00e9gitimit\u00e9 du repreneur, une variable essentielle de la r\u00e9ussite du projet repreneurial?&#8221;,<\/strong> Olivier Culli\u00e8re and Julien De Freyman | Revue Internationale PME (RIPME), Vol.37, n\u00b01, pp.10-27 (2024)<\/p>\n\n\n\n<p class=\"wp-block-paragraph\"><strong>&#8220;L&#8217;impact des orientations strat\u00e9giques des repreneurs sur la performance financi\u00e8re post-reprise des PME&#8221;<\/strong>, Julien De Freyman, Slimane Haddadj and Mamadou Ndione | Revue Internationale PME (RIPME), Vol.37, n\u00b01, pp. 77-97 (2024)<\/p>\n\n\n\n<p class=\"wp-block-paragraph\"><strong>&#8220;Business Transfer Paradox in Entrepreneurship Education: A research agenda for increasing the number of successors&#8221;<\/strong>, Julien De Freyman and Susanne Durst | Journal of Innovation Management, Vol.11, n\u00b02, pp. 1-21 (2023)<\/p>\n\n\n\n<p class=\"wp-block-paragraph\"><strong>&#8220;La confrontation aux erreurs&nbsp;: r\u00e9cits de formation dans un dispositif exp\u00e9rientiel&#8221;, Finance Contr\u00f4le Strat\u00e9gie&#8221;<\/strong>, Odile Paulus, Sonia Boussaguet, Caroline Merdinger-Rumpler, Julien De Freyman and Olga Bourachnikova | Finance Contr\u00f4le Strat\u00e9gie (2022)<\/p>\n\n\n\n<p class=\"wp-block-paragraph\"><strong>&#8220;Essai de conceptualisation de la l\u00e9gitimit\u00e9 du repreneur externe de PME&#8221;<\/strong>, Julien De Freyman, Sonia Boussaguet &amp; Olivier Culli\u00e8re | Revue de l&#8217;Entrepreneuriat (2021)<\/p>\n\n\n\n<p class=\"wp-block-paragraph\"><strong>&#8220;A framework for the relationship implications of additive manufacturing (RD printing) for industrial marketing: servitization, sustainability and customer empowerment&#8221;<\/strong>, Chaney Damien, Julien Gardan &amp; Julien De Freyman | Journal of Business &amp; Industrial Marketing (2021)<\/p>\n\n\n\n<p class=\"wp-block-paragraph\"><strong>&#8220;Entrepreneurial resilience, a new training issue?&#8221;<\/strong>, AEI et al | Revue Fran\u00e7aise de Gestion, Vol.8, n\u00b0293, pp.219-231 (2020) <\/p>\n\n\n\n<p class=\"wp-block-paragraph\"><strong>&#8220;La p\u00e9dagogie de la pers\u00e9v\u00e9rance &#8211; D\u00e9velopper les comportements entrepreneuriaux au Cameroun&#8221;<\/strong>, Alexis Roy &amp; Julien De Freyman | Entreprendre &amp; Innover, 42-43(3), pp.132-145 (2019)<\/p>\n\n\n\n<p class=\"wp-block-paragraph\"><strong>&#8220;Le r\u00f4le du contrat psychologique dans la compr\u00e9hension de la cohabitation entre un c\u00e9dant et un repreneur&#8221;<\/strong>, Julien De Freyman | La Revue de l&#8217;Entrepreneuriat (forthcoming), Vol.18, n\u00b0 3\/4, pp. 61-84 (2019)<\/p>\n\n\n\n<p class=\"wp-block-paragraph\"><strong>&#8220;Les voies d&#8217;entr\u00e9e en d\u00e9faillance des reprises externes de PME&#8221;<\/strong>, Sonia Boussaguet &amp; Julien De Freyman | in Revue Internationale PME (RIPME), Vol.32, n\u00b03\/4, pp.67-93 (2018)<\/p>\n\n\n\n<p class=\"wp-block-paragraph\"><strong>&#8220;Courir l&#8217;aventure en cab pour sensibiliser au plaisir d&#8217;entreprendre&#8221;<\/strong>, Alexis Roy, Mathias Mondo &amp; Julien De Freyman | Entreprendre &amp; Innover, Vol., n\u00b036, pp.73-82 (2018)<\/p>\n\n\n\n<p class=\"wp-block-paragraph\"><strong>&#8220;La transmission des entreprises familiales au S\u00e9n\u00e9gal&nbsp;: quelles sp\u00e9cificit\u00e9s culturelles&nbsp;?&#8221;<\/strong>, Thierno Bah, Julien De Freyman &amp; Sonia Boussaguet | Revue Internationale PME (RIPME), Vol.30, n\u00b03-4, pp.127-161 (2017)<\/p>\n\n\n\n<p class=\"wp-block-paragraph\"><strong>&#8220;Le devenir des c\u00e9dants de PME&nbsp;: une typologie en fonction des strat\u00e9gies de r\u00e9investissement&#8221;<\/strong>, Julien De Freyman, Sonia Boussaguet &amp; Thierno Bah | La Revue de l&#8217;Entrepreneuriat, Vol. 15, n\u00b0 3, pp. 61-84 (2016)<\/p>\n\n\n\n<p class=\"wp-block-paragraph\"><strong>&#8220;L&#8217;\u00e9preuve de cession&nbsp;: un risque pour la sant\u00e9 des (ex-)dirigeants des PME?&#8221;<\/strong>, Sonia Boussaguet, Julien De Freyman, Thierno Bah &amp; Eric Fromenty | Revue Internationale des PME (RIPME), Vol. 29, n\u00b03\/4, pp. 161-191 (2016)<\/p>\n\n\n\n<p class=\"wp-block-paragraph\"><strong>&#8220;La soci\u00e9t\u00e9 d&#8217;application de M\u00e9tal Rouge&nbsp;: une m\u00e9canique de la reprise&#8221;<\/strong>, Katia Richomme-Huet, Aude D&#8217;Andria &amp; Julien De Freyman | Revue des Cas de Gestion, Vol.2, n\u00b012 (2014)<\/p>\n\n\n\n<p class=\"wp-block-paragraph\">&#8220;<strong>Family businesses and inheritance: for an integrated approach to modes of transmission&#8221;<\/strong>, Julien De Freyman &amp; Katia Richomme-Huet | Revue Fran\u00e7aise de Gestion, n\u00b0200 (2010)<\/p>\n\n\n\n<p class=\"wp-block-paragraph\">&#8220;<strong>Les obstacles au transfert du &#8221; r\u00e9seau social &#8221; dans la transmission de l&#8217;entreprise artisanale familiale&#8221;<\/strong>, Julien De Freyman &amp; Katia Richomme-Huet | La Revue des Sciences de Gestion, n\u00b0237-238 (2009)<\/p>\n<\/div>\n<\/div>\n<\/div>\n\n\n\n<div class=\"ik-block-group wp-block-group fac-personnel-single grid-plus is-layout-constrained wp-block-group-is-layout-constrained\">\n<div class=\"ik-block-row wp-block-group fac-personnel-single-base is-nowrap is-layout-flex wp-container-core-group-is-layout-0e47273b wp-block-group-is-layout-flex\">\n<figure class=\"wp-block-image size-full fac-personnel-single-photo\"><img decoding=\"async\" src=\"https:\/\/www.scbs-education.com\/wp-content\/uploads\/2025\/07\/logo-scbs.svg\" alt=\"\" class=\"wp-image-32\"\/><\/figure>\n\n\n\n<div class=\"ik-block-group wp-block-group fac-personnel-single-infos is-layout-constrained wp-block-group-is-layout-constrained\">\n<p class=\"fac-personnel-single-nom wp-block-paragraph\">Anna Dyngosz<\/p>\n\n\n\n<div class=\"ik-block-row wp-block-group is-nowrap is-layout-flex wp-container-core-group-is-layout-0e47273b wp-block-group-is-layout-flex\">\n<div class=\"ik-block-group wp-block-group fac-personnel-single-row-mail-fonction is-layout-constrained wp-block-group-is-layout-constrained\">\n<p class=\"fac-personnel-single-mail wp-block-paragraph\">anna.dyngosz@yschools.fr<\/p>\n\n\n\n<p class=\"fac-personnel-single-fonction wp-block-paragraph\">Permanent teacher<\/p>\n<\/div>\n\n\n\n<p class=\"fac-personnel-single-plus grid-toggle wp-block-paragraph\">See more<\/p>\n<\/div>\n<\/div>\n<\/div>\n\n\n\n<div class=\"ik-block-group wp-block-group fac-personnel-single-details grid-details is-layout-constrained wp-block-group-is-layout-constrained\">\n<div class=\"ik-block-row wp-block-group is-nowrap is-layout-flex wp-container-core-group-is-layout-0e47273b wp-block-group-is-layout-flex\">\n<div class=\"ik-block-group wp-block-group is-layout-constrained wp-block-group-is-layout-constrained\">\n<p class=\"wp-block-paragraph\"><em>Expertise<\/em><\/p>\n\n\n\n<p class=\"wp-block-paragraph\">Entrepreneurship,<\/p>\n\n\n\n<p class=\"wp-block-paragraph\">Project management,<\/p>\n\n\n\n<p class=\"wp-block-paragraph\">Management.<\/p>\n<\/div>\n\n\n\n<div class=\"ik-block-group wp-block-group is-layout-constrained wp-block-group-is-layout-constrained\">\n<p class=\"wp-block-paragraph\"><em>Last diploma<\/em><\/p>\n\n\n\n<p class=\"wp-block-paragraph\"><strong>University Diploma in Research Methods and Management<\/strong>, IAE Lyon, 2024<\/p>\n<\/div>\n<\/div>\n\n\n\n<div class=\"ik-block-group wp-block-group is-layout-constrained wp-block-group-is-layout-constrained\">\n<p class=\"wp-block-paragraph\"><em>Professional experience<\/em><\/p>\n\n\n\n<p class=\"wp-block-paragraph\"><strong>SCBS &#8211; Y SCHOOLS<\/strong>, Permanent Teacher, since 2024<\/p>\n\n\n\n<p class=\"wp-block-paragraph\"><strong>SCBS &#8211; Y SCHOOLS<\/strong>, Head of the MSc Innovation, Creativity &amp; Entrepreneurship program, since May 2023<\/p>\n\n\n\n<p class=\"wp-block-paragraph\"><strong>Founder of &#8220;problem-solving.rocks&#8221;,<\/strong> since January 2016<\/p>\n\n\n\n<p class=\"wp-block-paragraph\"><strong>Facilitator, Maison du doctorat<\/strong> &#8211; Universit\u00e9 Paris-Saclay, May 2021-Oct. 2024<\/p>\n\n\n\n<p class=\"wp-block-paragraph\"><strong>Senior Consultant<\/strong>, Opteam, June 2021 &#8211; April 2024<\/p>\n\n\n\n<p class=\"wp-block-paragraph\"><strong>Co-founder of &#8220;Lean Startup Experience&#8221;,<\/strong> June 2015-Nov. 2019<\/p>\n<\/div>\n<\/div>\n<\/div>\n\n\n\n<div class=\"ik-block-group wp-block-group fac-personnel-single grid-plus is-layout-constrained wp-block-group-is-layout-constrained\">\n<div class=\"ik-block-row wp-block-group fac-personnel-single-base is-nowrap is-layout-flex wp-container-core-group-is-layout-0e47273b wp-block-group-is-layout-flex\">\n<figure class=\"wp-block-image size-full is-resized fac-personnel-single-photo\"><img decoding=\"async\" width=\"2560\" height=\"1706\" src=\"https:\/\/www.scbs-education.com\/wp-content\/uploads\/2025\/09\/DSC07604-2-scaled.jpg\" alt=\"\" class=\"wp-image-1821\" style=\"width:227px;height:auto\" srcset=\"https:\/\/www.scbs-education.com\/wp-content\/uploads\/2025\/09\/DSC07604-2-scaled.jpg 2560w, https:\/\/www.scbs-education.com\/wp-content\/uploads\/2025\/09\/DSC07604-2-300x200.jpg 300w, https:\/\/www.scbs-education.com\/wp-content\/uploads\/2025\/09\/DSC07604-2-1024x683.jpg 1024w, https:\/\/www.scbs-education.com\/wp-content\/uploads\/2025\/09\/DSC07604-2-768x512.jpg 768w, https:\/\/www.scbs-education.com\/wp-content\/uploads\/2025\/09\/DSC07604-2-1536x1024.jpg 1536w, https:\/\/www.scbs-education.com\/wp-content\/uploads\/2025\/09\/DSC07604-2-2048x1365.jpg 2048w\" sizes=\"(max-width: 2560px) 100vw, 2560px\" \/><\/figure>\n\n\n\n<div class=\"ik-block-group wp-block-group fac-personnel-single-infos is-layout-constrained wp-block-group-is-layout-constrained\">\n<p class=\"fac-personnel-single-nom wp-block-paragraph\">Simona Grama-Vigouroux<\/p>\n\n\n\n<div class=\"ik-block-row wp-block-group is-nowrap is-layout-flex wp-container-core-group-is-layout-0e47273b wp-block-group-is-layout-flex\">\n<div class=\"ik-block-group wp-block-group fac-personnel-single-row-mail-fonction is-layout-constrained wp-block-group-is-layout-constrained\">\n<p class=\"fac-personnel-single-mail wp-block-paragraph\">simona.grama@yschools.fr<\/p>\n\n\n\n<p class=\"fac-personnel-single-fonction wp-block-paragraph\">Associate Professor<\/p>\n<\/div>\n\n\n\n<p class=\"fac-personnel-single-plus grid-toggle wp-block-paragraph\">See more<\/p>\n<\/div>\n<\/div>\n<\/div>\n\n\n\n<div class=\"ik-block-group wp-block-group fac-personnel-single-details grid-details is-layout-constrained wp-block-group-is-layout-constrained\">\n<div class=\"ik-block-row wp-block-group is-nowrap is-layout-flex wp-container-core-group-is-layout-0e47273b wp-block-group-is-layout-flex\">\n<div class=\"ik-block-group wp-block-group is-layout-constrained wp-block-group-is-layout-constrained\">\n<p class=\"wp-block-paragraph\"><em>Expertise<\/em><\/p>\n\n\n\n<p class=\"wp-block-paragraph\">Open innovation, Entrepreneurial skills, Microfinance.  <\/p>\n<\/div>\n\n\n\n<div class=\"ik-block-group wp-block-group is-layout-constrained wp-block-group-is-layout-constrained\">\n<p class=\"wp-block-paragraph\"><em>Last diploma<\/em><\/p>\n\n\n\n<p class=\"wp-block-paragraph\"><strong>PhD in Management Sciences<\/strong> &#8220;Incidence des comp\u00e9tences de l&#8217;innovation ouverte des entrepreneurs sur la performance des start-ups incub\u00e9es&nbsp;: le cas des incubateurs roumains&#8221;, IAE Lyon, 2013<\/p>\n<\/div>\n<\/div>\n\n\n\n<div class=\"ik-block-group wp-block-group is-layout-constrained wp-block-group-is-layout-constrained\">\n<p class=\"wp-block-paragraph\"><em>Publications<\/em><\/p>\n\n\n\n<p class=\"wp-block-paragraph\"><strong>&#8220;Examining the role of eco-innovation in mitigating greenhouse gas emissions: A natural resource-based view&#8221;<\/strong>, Grama-Vigouroux, S., Gull, A. A., &amp; Rind, A. A. | Journal of Cleaner Production, 145714 (2025)<\/p>\n\n\n\n<p class=\"wp-block-paragraph\"><strong>&#8220;How Double-Loop Learning Powers Business Model Innovation in Digital Startups: Mapping Enablers Across Core Dimensions&#8221;<\/strong>, Saidi, S., Grama-Vigouroux, S., Sellami, M., Ghamgui, N., &amp; Rezaei, M. | Strategic Change (2025)<\/p>\n\n\n\n<p class=\"wp-block-paragraph\"><strong>&#8220;How do student entrepreneurs use open innovation and incubation services to improve the performance of university-incubated startups?&#8221;<\/strong>, Saidi, S., Grama-Vigouroux, S., Sellami, M., Cirule, I., &amp; Uvarova, I. | Management international (2024)<\/p>\n\n\n\n<p class=\"wp-block-paragraph\"><strong>&#8220;How do student entrepreneurs use open innovation and incubation services to improve the performance of university-incubated startups?&#8221;<\/strong>, Saidi, S., Grama-Vigouroux, S., Sellami, M., Cirule, I., &amp; Uvarova, I. | Management International Review (2023)<\/p>\n\n\n\n<p class=\"wp-block-paragraph\"><strong>&#8220;Drivers and Barriers of National Innovation Ecosystems for Implementing Sustainable Development Goals: A Latvian Case Study.&#8221;<\/strong>, Grama-Vigouroux, S., Saidi, S., Uvarova, I., Cirule, I., &amp; Sellami, M. | Transaction on Engineering Management IEEE (2023)<\/p>\n\n\n\n<p class=\"wp-block-paragraph\"><strong>&#8220;Influence of entrepreneurial ecosystems on innovation ecosystems in peripheral regions: the case of the Champagne-Ardenne region&#8221;<\/strong>, Grama-Vigouroux, S., Saidi, S., Berthinier-Poncet, A., Lwango, A., &amp; Sellami, M. | Industry and Innovation (2022)<\/p>\n\n\n\n<p class=\"wp-block-paragraph\"><strong>&#8220;Microcr\u00e9dit en France: femmes et hommes face \u00e0 la solvabilit\u00e9.&#8221;<\/strong>, Cazabat, G., Grama-Vigouroux, S., Saidi, S., &amp; Sellami, M. | Management et Avenir, (1), 63-89 (2020)<\/p>\n\n\n\n<p class=\"wp-block-paragraph\"><strong>&#8220;From closed to open: A comparative stakeholder approach for developing open innovation activities in SMEs.&#8221;<\/strong>, Grama-Vigouroux, S., Saidi, S., Berthinier-Poncet, A., Vanhaverbeke, W., &amp; Madanamoothoo, A. | Journal of Business Research (2020)<\/p>\n\n\n\n<p class=\"wp-block-paragraph\"><strong>&#8220;Convergences ou divergences de vues? L&#8217;effet sur l&#8217;innovation des diff\u00e9rences de perception entre gouvernance et entreprises d&#8217;un technop\u00f4le.&#8221;<\/strong>, Berthinier-Poncet, A., Grama-Vigouroux, S., &amp; Saidi, S. | Management international\/International Management\/Gesti\u00f2n Internacional, 21(2), 32-46. (2017)<\/p>\n<\/div>\n<\/div>\n<\/div>\n\n\n\n<div class=\"ik-block-group wp-block-group fac-personnel-single grid-plus is-layout-constrained wp-block-group-is-layout-constrained\">\n<div class=\"ik-block-row wp-block-group fac-personnel-single-base is-nowrap is-layout-flex wp-container-core-group-is-layout-0e47273b wp-block-group-is-layout-flex\">\n<figure class=\"wp-block-image size-full is-resized fac-personnel-single-photo\"><img decoding=\"async\" width=\"2560\" height=\"1706\" src=\"https:\/\/www.scbs-education.com\/wp-content\/uploads\/2025\/09\/DSC07618-2-scaled.jpg\" alt=\"\" class=\"wp-image-1824\" style=\"width:225px;height:auto\" srcset=\"https:\/\/www.scbs-education.com\/wp-content\/uploads\/2025\/09\/DSC07618-2-scaled.jpg 2560w, https:\/\/www.scbs-education.com\/wp-content\/uploads\/2025\/09\/DSC07618-2-300x200.jpg 300w, https:\/\/www.scbs-education.com\/wp-content\/uploads\/2025\/09\/DSC07618-2-1024x683.jpg 1024w, https:\/\/www.scbs-education.com\/wp-content\/uploads\/2025\/09\/DSC07618-2-768x512.jpg 768w, https:\/\/www.scbs-education.com\/wp-content\/uploads\/2025\/09\/DSC07618-2-1536x1024.jpg 1536w, https:\/\/www.scbs-education.com\/wp-content\/uploads\/2025\/09\/DSC07618-2-2048x1365.jpg 2048w\" sizes=\"(max-width: 2560px) 100vw, 2560px\" \/><\/figure>\n\n\n\n<div class=\"ik-block-group wp-block-group fac-personnel-single-infos is-layout-constrained wp-block-group-is-layout-constrained\">\n<p class=\"fac-personnel-single-nom wp-block-paragraph\">Albert Lwango<\/p>\n\n\n\n<div class=\"ik-block-row wp-block-group is-nowrap is-layout-flex wp-container-core-group-is-layout-0e47273b wp-block-group-is-layout-flex\">\n<div class=\"ik-block-group wp-block-group fac-personnel-single-row-mail-fonction is-layout-constrained wp-block-group-is-layout-constrained\">\n<p class=\"fac-personnel-single-mail wp-block-paragraph\">albert.lwango@yschools.fr<\/p>\n\n\n\n<p class=\"fac-personnel-single-fonction wp-block-paragraph\">Associate Professor<\/p>\n<\/div>\n\n\n\n<p class=\"fac-personnel-single-plus grid-toggle wp-block-paragraph\">See more<\/p>\n<\/div>\n<\/div>\n<\/div>\n\n\n\n<div class=\"ik-block-group wp-block-group fac-personnel-single-details grid-details is-layout-constrained wp-block-group-is-layout-constrained\">\n<div class=\"ik-block-row wp-block-group is-nowrap is-layout-flex wp-container-core-group-is-layout-0e47273b wp-block-group-is-layout-flex\">\n<div class=\"ik-block-group wp-block-group is-layout-constrained wp-block-group-is-layout-constrained\">\n<p class=\"wp-block-paragraph\"><em>Expertise<\/em><\/p>\n\n\n\n<p class=\"wp-block-paragraph\">Finance, Entrepreneurship, Family business, Strategic management, Economics.  <\/p>\n<\/div>\n\n\n\n<div class=\"ik-block-group wp-block-group is-layout-constrained wp-block-group-is-layout-constrained\">\n<p class=\"wp-block-paragraph\"><em>Last diploma<\/em><\/p>\n\n\n\n<p class=\"wp-block-paragraph\"><strong>Doctorate in Economics and Management (Ph.D.)<\/strong>, Louvain School of Management, Universit\u00e9 catholique de Louvain\/ Belgium, 2009<\/p>\n<\/div>\n<\/div>\n\n\n\n<div class=\"ik-block-group wp-block-group is-layout-constrained wp-block-group-is-layout-constrained\">\n<p class=\"wp-block-paragraph\"><em>Publications<\/em><\/p>\n\n\n\n<p class=\"wp-block-paragraph\"><strong>&#8220;Influence of entrepreneurial ecosystems on innovation ecosystems in peripheral regions: the case of the Champagne-Ardenne region&#8221;<\/strong>, Grama-Vigouroux, S., Saidi, S., Berthinier-Poncet, A., Lwango, A., &amp; Sellami, M. | Industry and Innovation (2022)<\/p>\n\n\n\n<p class=\"wp-block-paragraph\"><strong>&#8220;Property rights and share capital advantages in the family firm: presence of the founder as a contingency factor&#8221;<\/strong>, Albert Lwango | Revue Fran\u00e7aise de Gouvernance d&#8217;Entreprise n\u00b021, pp.10-19 (2019)<\/p>\n\n\n\n<p class=\"wp-block-paragraph\"><strong>&#8220;Family influence and SME performance under conditions of firm size and age&#8221;,<\/strong> Albert Lwango, R\u00e9gis Coeurderoy &amp; Gabriel Gimenez-Roche | Journal of Small Business and Enterprise Development Vol.24, n\u00b03, pp.629-648 (2017)  <\/p>\n\n\n\n<p class=\"wp-block-paragraph\"><strong>&#8220;Barriers and key success factors of transgenerational transmission of family farm businesses: a qualitative exploratory study in the French context&#8221;<\/strong>, Albert Lwango, Lovanirina Ramboarison-Lalao &amp; Fran\u00e7ois-R\u00e9gis Lenoir | International Journal of Entrepreneurship and Small Business, Vol.34, n\u00b02, pp.131.147 (2017)<\/p>\n\n\n\n<p class=\"wp-block-paragraph\"><strong>&#8220;Entrepreneurial miscalculation and business cycles: how interest rate targeting distorts capital budgeting&#8221;<\/strong>, Gabriel Gimenez-Roche, Albert Lwango &amp; Guillame Vuillemeu | Review of Political Economy, Vol.27, n\u00b04, pp.624-644 (2015)<\/p>\n\n\n\n<p class=\"wp-block-paragraph\"><strong>&#8220;Family firm social capital and entrepreneurial succession: a theoretical approach&#8221;<\/strong>, R\u00e9gis Coeurderoy &amp; Albert Lwango | Management International, Vol.18, n\u00b04, pp.164-174 (2014)<\/p>\n\n\n\n<p class=\"wp-block-paragraph\"><strong>&#8220;The internationalization of high-tech start-ups: The role of founders&#8217; international skills&#8221;<\/strong>, R\u00e9gis Coeurderoy, Per Davidsson, Albert Lwango, Gordon Murray &amp; St\u00e9phane Tywoniak | Finance Contr\u00f4le Strat\u00e9gie, Vol.16, n\u00b01 (2013)<\/p>\n\n\n\n<p class=\"wp-block-paragraph\"><strong>&#8220;Social capital of family firms and organizational efficiency: theoretical proposals for a transmission model through bureaucratic costs&#8221;<\/strong>, R\u00e9gis Coeurderoy &amp; Albert Lwango | M@n@gement, Vol.15, n\u00b04, pp.415-439 (2012)<\/p>\n\n\n\n<p class=\"wp-block-paragraph\"><strong>&#8220;Social capital of the family firm and organizational efficiency: Theoretical proposals for a model of transmission through the bureaucratic cost channel&#8221;<\/strong>, R\u00e9gis Coeurderoy &amp; Albert Lwango | in M@n@gement, Vol.15, n\u00b04, pp.416-440 (2012)<\/p>\n\n\n\n<p class=\"wp-block-paragraph\"><strong>&#8220;Le capital social de l&#8217;entreprise familiale&nbsp;: Une approche empirique de son efficience organisationnelle&#8221;<\/strong>, Albert Lwango &amp; R\u00e9gis Coeurderoy | Revue Fran\u00e7aise de Gestion, special issue Economie des proximit\u00e9s, Vol 37, n\u00b0213, pp.109-123 (2011)<\/p>\n\n\n\n<p class=\"wp-block-paragraph\">&#8220;<strong>Entrepreneuriat familial&nbsp;: Famille et entreprise&nbsp;: pour le meilleur et pour le pire&#8221;<\/strong>, Albert Lwango &amp; R\u00e9gis Coeurderoy | , Louvain la Neuve, Vol.183, n\u00b025 (2010)<\/p>\n\n\n\n<p class=\"wp-block-paragraph\"><strong>&#8220;Capital social, gouvernance et efficacit\u00e9&nbsp;: y a-t-il une sp\u00e9cificit\u00e9 \u00e0 l&#8217;entreprise familiale&nbsp;?&#8221;<\/strong>, Albert Lwango &amp; R\u00e9gis Coeurderoy | Probl\u00e8mes \u00e9conomiques, n\u00b02971, pp.20-28 (2009)<\/p>\n<\/div>\n<\/div>\n<\/div>\n\n\n\n<div class=\"ik-block-group wp-block-group fac-personnel-single grid-plus is-layout-constrained wp-block-group-is-layout-constrained\">\n<div class=\"ik-block-row wp-block-group fac-personnel-single-base is-nowrap is-layout-flex wp-container-core-group-is-layout-0e47273b wp-block-group-is-layout-flex\">\n<figure class=\"wp-block-image size-full is-resized fac-personnel-single-photo\"><img decoding=\"async\" width=\"2560\" height=\"1706\" src=\"https:\/\/www.scbs-education.com\/wp-content\/uploads\/2025\/09\/DSC08500-scaled.jpg\" alt=\"\" class=\"wp-image-1829\" style=\"width:216px;height:auto\" srcset=\"https:\/\/www.scbs-education.com\/wp-content\/uploads\/2025\/09\/DSC08500-scaled.jpg 2560w, https:\/\/www.scbs-education.com\/wp-content\/uploads\/2025\/09\/DSC08500-300x200.jpg 300w, https:\/\/www.scbs-education.com\/wp-content\/uploads\/2025\/09\/DSC08500-1024x683.jpg 1024w, https:\/\/www.scbs-education.com\/wp-content\/uploads\/2025\/09\/DSC08500-768x512.jpg 768w, https:\/\/www.scbs-education.com\/wp-content\/uploads\/2025\/09\/DSC08500-1536x1024.jpg 1536w, https:\/\/www.scbs-education.com\/wp-content\/uploads\/2025\/09\/DSC08500-2048x1365.jpg 2048w\" sizes=\"(max-width: 2560px) 100vw, 2560px\" \/><\/figure>\n\n\n\n<div class=\"ik-block-group wp-block-group fac-personnel-single-infos is-layout-constrained wp-block-group-is-layout-constrained\">\n<p class=\"fac-personnel-single-nom wp-block-paragraph\">Isabelle Marchand<\/p>\n\n\n\n<div class=\"ik-block-row wp-block-group is-nowrap is-layout-flex wp-container-core-group-is-layout-0e47273b wp-block-group-is-layout-flex\">\n<div class=\"ik-block-group wp-block-group fac-personnel-single-row-mail-fonction is-layout-constrained wp-block-group-is-layout-constrained\">\n<p class=\"fac-personnel-single-mail wp-block-paragraph\">isabelle.marchand@yschools.fr<\/p>\n\n\n\n<p class=\"fac-personnel-single-fonction wp-block-paragraph\">Permanent teacher<\/p>\n<\/div>\n\n\n\n<p class=\"fac-personnel-single-plus grid-toggle wp-block-paragraph\">See more<\/p>\n<\/div>\n<\/div>\n<\/div>\n\n\n\n<div class=\"ik-block-group wp-block-group fac-personnel-single-details grid-details is-layout-constrained wp-block-group-is-layout-constrained\">\n<div class=\"ik-block-row wp-block-group is-nowrap is-layout-flex wp-container-core-group-is-layout-0e47273b wp-block-group-is-layout-flex\">\n<div class=\"ik-block-group wp-block-group is-layout-constrained wp-block-group-is-layout-constrained\">\n<p class=\"wp-block-paragraph\"><em>Expertise<\/em><\/p>\n\n\n\n<p class=\"wp-block-paragraph\">German, French as a foreign language.<\/p>\n<\/div>\n\n\n\n<div class=\"ik-block-group wp-block-group is-layout-constrained wp-block-group-is-layout-constrained\">\n<p class=\"wp-block-paragraph\"><em>Last diploma<\/em><\/p>\n\n\n\n<p class=\"wp-block-paragraph\"><strong>Diploma from the Franco-German Chamber of Commerce and Industry<\/strong> in Paris &#8220;Wirtschaftsdeutsch International&#8221; 1996<\/p>\n<\/div>\n<\/div>\n\n\n\n<div class=\"ik-block-group wp-block-group is-layout-constrained wp-block-group-is-layout-constrained\">\n<p class=\"wp-block-paragraph\"><em>Professional experience<\/em><\/p>\n\n\n\n<p class=\"wp-block-paragraph\"><strong>Teaching German and FLE,<\/strong> Y SCHOOLS since 2010, EPF &#8211; Troyes since 2012, ESTP one semester end 2020.<\/p>\n\n\n\n<p class=\"wp-block-paragraph\"><strong>Continuing education<\/strong>, ADPS 2006-2022, GRETA 2011-2013, Lyc\u00e9e La Salle &#8211; Troyes since 2024, LEGTA Charles Baltet &#8211; Saint Pouange 2019-2020, Lyc\u00e9e priv\u00e9 de l&#8217;ESTAC &#8211; Troyes 2015-2025, Lyc\u00e9e priv\u00e9 de Sainte Maure 1999-2008<\/p>\n<\/div>\n<\/div>\n<\/div>\n\n\n\n<div class=\"ik-block-group wp-block-group fac-personnel-single grid-plus is-layout-constrained wp-block-group-is-layout-constrained\">\n<div class=\"ik-block-row wp-block-group fac-personnel-single-base is-nowrap is-layout-flex wp-container-core-group-is-layout-0e47273b wp-block-group-is-layout-flex\">\n<figure class=\"wp-block-image size-full is-resized fac-personnel-single-photo\"><img decoding=\"async\" width=\"2560\" height=\"1707\" src=\"https:\/\/www.scbs-education.com\/wp-content\/uploads\/2025\/09\/DSC07639-2-scaled.jpg\" alt=\"\" class=\"wp-image-1840\" style=\"width:216px;height:auto\" srcset=\"https:\/\/www.scbs-education.com\/wp-content\/uploads\/2025\/09\/DSC07639-2-scaled.jpg 2560w, https:\/\/www.scbs-education.com\/wp-content\/uploads\/2025\/09\/DSC07639-2-300x200.jpg 300w, https:\/\/www.scbs-education.com\/wp-content\/uploads\/2025\/09\/DSC07639-2-1024x683.jpg 1024w, https:\/\/www.scbs-education.com\/wp-content\/uploads\/2025\/09\/DSC07639-2-768x512.jpg 768w, https:\/\/www.scbs-education.com\/wp-content\/uploads\/2025\/09\/DSC07639-2-1536x1024.jpg 1536w, https:\/\/www.scbs-education.com\/wp-content\/uploads\/2025\/09\/DSC07639-2-2048x1365.jpg 2048w\" sizes=\"(max-width: 2560px) 100vw, 2560px\" \/><\/figure>\n\n\n\n<div class=\"ik-block-group wp-block-group fac-personnel-single-infos is-layout-constrained wp-block-group-is-layout-constrained\">\n<p class=\"fac-personnel-single-nom wp-block-paragraph\">Sana Saidi<\/p>\n\n\n\n<div class=\"ik-block-row wp-block-group is-nowrap is-layout-flex wp-container-core-group-is-layout-0e47273b wp-block-group-is-layout-flex\">\n<div class=\"ik-block-group wp-block-group fac-personnel-single-row-mail-fonction is-layout-constrained wp-block-group-is-layout-constrained\">\n<p class=\"fac-personnel-single-mail wp-block-paragraph\">sana.saidi@yschools.fr<\/p>\n\n\n\n<p class=\"fac-personnel-single-fonction wp-block-paragraph\">Associate Professor<\/p>\n<\/div>\n\n\n\n<p class=\"fac-personnel-single-plus grid-toggle wp-block-paragraph\">See more<\/p>\n<\/div>\n<\/div>\n<\/div>\n\n\n\n<div class=\"ik-block-group wp-block-group fac-personnel-single-details grid-details is-layout-constrained wp-block-group-is-layout-constrained\">\n<div class=\"ik-block-row wp-block-group is-nowrap is-layout-flex wp-container-core-group-is-layout-0e47273b wp-block-group-is-layout-flex\">\n<div class=\"ik-block-group wp-block-group is-layout-constrained wp-block-group-is-layout-constrained\">\n<p class=\"wp-block-paragraph\"><em>Expertise<\/em><\/p>\n\n\n\n<p class=\"wp-block-paragraph\">Finance, Entrepreneurship, Corporate Performance.<\/p>\n<\/div>\n\n\n\n<div class=\"ik-block-group wp-block-group is-layout-constrained wp-block-group-is-layout-constrained\">\n<p class=\"wp-block-paragraph\"><em>Last diploma<\/em><\/p>\n\n\n\n<p class=\"wp-block-paragraph\"><strong>PhD in Management Science<\/strong> &#8220;Political-institutional and socio-cultural determinants of audit and accounting firm sales in France&#8221;, University of Toulouse, 2011<\/p>\n<\/div>\n<\/div>\n\n\n\n<div class=\"ik-block-group wp-block-group is-layout-constrained wp-block-group-is-layout-constrained\">\n<p class=\"wp-block-paragraph\"><em>Publications<\/em><\/p>\n\n\n\n<p class=\"wp-block-paragraph\"><strong>&#8220;How Double-Loop Learning Powers Business Model Innovation in Digital Startups: Mapping Enablers Across Core Dimensions&#8221;<\/strong>, Saidi, S., Grama-Vigouroux, S., Sellami, M., Ghamgui, N., &amp; Rezaei, M. | Strategic Change (2025)<\/p>\n\n\n\n<p class=\"wp-block-paragraph\"><strong>&#8220;How do student entrepreneurs use open innovation and incubation services to improve the performance of university-incubated startups?&#8221;<\/strong>, Saidi, S., Grama-Vigouroux, S., Sellami, M., Cirule, I., &amp; Uvarova, I. | Management international (2024)<\/p>\n\n\n\n<p class=\"wp-block-paragraph\"><strong>&#8220;How do student entrepreneurs use open innovation and incubation services to improve the performance of university-incubated startups?&#8221;<\/strong>, Saidi, S., Grama-Vigouroux, S., Sellami, M., Cirule, I., &amp; Uvarova, I. | Management International Review (2023)<\/p>\n\n\n\n<p class=\"wp-block-paragraph\"><strong>&#8220;Drivers and Barriers of National Innovation Ecosystems for Implementing Sustainable Development Goals: A Latvian Case Study.&#8221;<\/strong>, Grama-Vigouroux, S., Saidi, S., Uvarova, I., Cirule, I., &amp; Sellami, M. | Transaction on Engineering Management IEEE (2023)<\/p>\n\n\n\n<p class=\"wp-block-paragraph\"><strong>&#8220;Asymmetric Volatility Contagion and Investment Opportunities in the GCC region: New Evidence from the Global Pandemic Context Corresponding&#8221;<\/strong>, Ben Cheikh N., Ben Zaied Y., Sellami M, Saidi S. | Journal of Economic Behavior &amp; Organization (2022)<\/p>\n\n\n\n<p class=\"wp-block-paragraph\"><strong>&#8220;Influence of entrepreneurial ecosystems on innovation ecosystems in peripheral regions: the case of the Champagne-Ardenne region&#8221;<\/strong>, Grama-Vigouroux, S., Saidi, S., Berthinier-Poncet, A., Lwango, A., &amp; Sellami, M. | Industry and Innovation (2022)<\/p>\n\n\n\n<p class=\"wp-block-paragraph\"><strong>&#8220;Understanding the growth of new companies: the complex relationship between human capital, unemployment and motivation&#8221;<\/strong>, Vedel B., Gabarret I., Sellami M., Saidi S. | &#8220;, Management International, Vol. 25 (2020)<\/p>\n\n\n\n<p class=\"wp-block-paragraph\"><strong>&#8220;Microcr\u00e9dit en France: femmes et hommes face \u00e0 la solvabilit\u00e9.&#8221;<\/strong>, Cazabat, G., Grama-Vigouroux, S., Saidi, S., &amp; Sellami, M. | Management et Avenir, (1), 63-89 (2020)<\/p>\n\n\n\n<p class=\"wp-block-paragraph\"><strong>&#8220;Bibliometric study of works on Entrepreneurial Orientation (2001-2016): Enseignements et voies futures de recherches&#8221;<\/strong>, Chebbi H., Sellami M., Saidi S. | &#8220;, Revue Internationale PME, n\u00b01, Vol. 31 (2018)<\/p>\n\n\n\n<p class=\"wp-block-paragraph\"><strong>&#8220;Convergences ou divergences de vues? L&#8217;effet sur l&#8217;innovation des diff\u00e9rences de perception entre gouvernance et entreprises d&#8217;un technop\u00f4le.&#8221;<\/strong>, Berthinier-Poncet, A., Grama-Vigouroux, S., &amp; Saidi, S. | Management international\/International Management\/Gesti\u00f2n Internacional, 21(2), 32-46. (2017)<\/p>\n\n\n\n<p class=\"wp-block-paragraph\"><strong>&#8220;Communication des cabinets d&#8217;audit et d&#8217;expertise comptable pour optimiser le chiffre d&#8217;affaires&#8221;<\/strong>, Saidi S., Levy A., Sellami M. et Massiera P. | La revue du Financier, n\u00b0 202, Vol. 35 (2013)<\/p>\n<\/div>\n<\/div>\n<\/div>\n\n\n\n<div class=\"ik-block-group wp-block-group fac-personnel-single grid-plus is-layout-constrained wp-block-group-is-layout-constrained\">\n<div class=\"ik-block-row wp-block-group fac-personnel-single-base is-nowrap is-layout-flex wp-container-core-group-is-layout-0e47273b wp-block-group-is-layout-flex\">\n<figure class=\"wp-block-image size-full is-resized fac-personnel-single-photo\"><img decoding=\"async\" src=\"https:\/\/www.scbs-education.com\/wp-content\/uploads\/2025\/09\/logo-scbs.svg\" alt=\"SCBS logo\" class=\"wp-image-1356\" style=\"width:216px;height:auto\"\/><\/figure>\n\n\n\n<div class=\"ik-block-group wp-block-group fac-personnel-single-infos is-layout-constrained wp-block-group-is-layout-constrained\">\n<p class=\"fac-personnel-single-nom wp-block-paragraph\">Dimitri Tchakounte Tchuimi<\/p>\n\n\n\n<div class=\"ik-block-row wp-block-group is-nowrap is-layout-flex wp-container-core-group-is-layout-0e47273b wp-block-group-is-layout-flex\">\n<div class=\"ik-block-group wp-block-group fac-personnel-single-row-mail-fonction is-layout-constrained wp-block-group-is-layout-constrained\">\n<p class=\"fac-personnel-single-mail wp-block-paragraph\">dimitri.tchakounte-tchuimi@yschools.eu<\/p>\n\n\n\n<p class=\"fac-personnel-single-fonction wp-block-paragraph\">Assistant Professor<\/p>\n<\/div>\n\n\n\n<p class=\"fac-personnel-single-plus grid-toggle wp-block-paragraph\">See more<\/p>\n<\/div>\n<\/div>\n<\/div>\n\n\n\n<div class=\"ik-block-group wp-block-group fac-personnel-single-details grid-details is-layout-constrained wp-block-group-is-layout-constrained\">\n<div class=\"ik-block-row wp-block-group is-nowrap is-layout-flex wp-container-core-group-is-layout-0e47273b wp-block-group-is-layout-flex\">\n<div class=\"ik-block-group wp-block-group is-layout-constrained wp-block-group-is-layout-constrained\">\n<p class=\"wp-block-paragraph\"><em>Expertise<\/em><\/p>\n\n\n\n<p class=\"wp-block-paragraph\">Business performance\/sustainability,<\/p>\n\n\n\n<p class=\"wp-block-paragraph\">Corporate Social Responsibility (CSR) \/ University Social Responsibility (USR),<\/p>\n\n\n\n<p class=\"wp-block-paragraph\">E-commerce and entrepreneurship,<\/p>\n\n\n\n<p class=\"wp-block-paragraph\">Sustainable tourism \/ War tourism.<\/p>\n<\/div>\n\n\n\n<div class=\"ik-block-group wp-block-group is-layout-constrained wp-block-group-is-layout-constrained\">\n<p class=\"wp-block-paragraph\"><em>Last diploma<\/em><\/p>\n\n\n\n<p class=\"wp-block-paragraph\"><strong>PhD\/Ph.D in Health Economics<\/strong>, &#8220;Pouvoir de n\u00e9gociation de la femme au sein du couple et sant\u00e9 de la femme au Cameroun&#8221;, University of Yaounde II-Soa, 2021<\/p>\n<\/div>\n<\/div>\n\n\n\n<div class=\"ik-block-group wp-block-group is-layout-constrained wp-block-group-is-layout-constrained\">\n<p class=\"wp-block-paragraph\"><em>Publications<\/em><\/p>\n\n\n\n<p class=\"wp-block-paragraph\"><strong>&#8220;Pouvoir de d\u00e9cision des femmes au sein du m\u00e9nage et utilisation des soins pr\u00e9nataux au B\u00e9nin&#8221;,<\/strong> Tossou, E. J., Akono, C. Z., &amp; Tchakount\u00e9, D. | Revue d&#8217;\u00e9conomie du d\u00e9veloppement, 32(2), 135-185 (2024)<\/p>\n\n\n\n<p class=\"wp-block-paragraph\"><strong>&#8220;Intimate Partner Violence and Women&#8217;s Participation in the Labour Market in Cameroon: An Analysis from Demographic and Health Survey of 2018&#8221;<\/strong>, Agnamen, A., Tchakount\u00e9, D., &amp; Guiole, R. M. | Asian Journal of Agricultural Extension, Economics and Sociology, 42(7), 39-58 (2024)<\/p>\n\n\n\n<p class=\"wp-block-paragraph\"><strong>&#8220;The Association between Intimate Partner Violence and Breastfeeding in Cameroon&#8221;<\/strong>, Tchakounte, D., &amp; Fomba, B. K. | Demographic and Health Survey of 2018<\/p>\n\n\n\n<p class=\"wp-block-paragraph\"><strong>&#8220;Impact des conflits arm\u00e9s sur la sant\u00e9 des enfants en R\u00e9publique centrafricaine&#8221;<\/strong>, Tchakount\u00e9, D., &amp; Sambi, L. M. | Revue d&#8217;\u00e9conomie du d\u00e9veloppement, 33(2), 41-96 (2023)<\/p>\n\n\n\n<p class=\"wp-block-paragraph\"><strong>&#8220;The Contribution of the Region of Residence to the Inequality of Opportunity in the Utilization of Reproductive Healthcare Services in Cameroon&#8221;<\/strong>, Tchakount\u00e9, D., Mokam, B., CZ, A., &amp; BF, K. | the DHS data of 2011 and 2018 (2023)<\/p>\n\n\n\n<p class=\"wp-block-paragraph\"><strong>&#8220;Does maternal empowerment influence childhood stunting and wasting in Cameroon? A cross-sectional study&#8221;<\/strong>, Tchakount\u00e9 Tchuimi, D. | Vulnerable Children and Youth Studies, 18(2), 263-281 (2024)<\/p>\n\n\n\n<p class=\"wp-block-paragraph\"><strong>&#8220;The effect of women&#8217;s bargaining power within couples on contraceptive use in Cameroon&#8221;<\/strong>, Tchuimi, D. T., &amp; Kamga, B. F. | Gates Open Research, 4, 20 (2024)<\/p>\n\n\n\n<p class=\"wp-block-paragraph\"><strong>&#8220;Determinants of cybercrime victimization: Experiences and multi-stage recommendations from a survey in Cameroon. In International Conference on e-Infrastructure and e-Services for Developing Countries&#8221;<\/strong>, Ntsama, J. E., Tchakounte, F., Tchakounte Tchuimi, D., Faissal, A., Fotso Kuate, F. A., Effa, J. Y. &amp; Atemkeng, M. | (pp. 317-337). Cham: Springer Nature Switzerland.  (2022)<\/p>\n\n\n\n<p class=\"wp-block-paragraph\"><strong>&#8220;Performance Predictions Accuracy of a Smart Sun Tracking System for Photovoltaic Applications&#8221;<\/strong>, Tchakount\u00e9, H., Fapi, C. B. N., Tchakount\u00e9, D. T., Kamta, M., Djalo, H., &amp; Woafo, P. | . International Journal of Renewable Energy Research (IJRER), 11(4), 1994-2008.  (2021)<\/p>\n\n\n\n<p class=\"wp-block-paragraph\"><strong>&#8220;Banking System Vulnerability and Domestic Investment in Sub-Saharan Africa&#8221;<\/strong>, Meli, S D., Ondoua H. N., &amp; Tchakounte, D<\/p>\n<\/div>\n<\/div>\n<\/div>\n\n\n\n<div class=\"ik-block-group wp-block-group fac-personnel-single grid-plus is-layout-constrained wp-block-group-is-layout-constrained\">\n<div class=\"ik-block-row wp-block-group fac-personnel-single-base is-nowrap is-layout-flex wp-container-core-group-is-layout-0e47273b wp-block-group-is-layout-flex\">\n<figure class=\"wp-block-image size-full is-resized fac-personnel-single-photo\"><img decoding=\"async\" width=\"2560\" height=\"1706\" src=\"https:\/\/www.scbs-education.com\/wp-content\/uploads\/2025\/09\/DSC07829-scaled.jpg\" alt=\"\" class=\"wp-image-1851\" style=\"width:216px;height:auto\" srcset=\"https:\/\/www.scbs-education.com\/wp-content\/uploads\/2025\/09\/DSC07829-scaled.jpg 2560w, https:\/\/www.scbs-education.com\/wp-content\/uploads\/2025\/09\/DSC07829-300x200.jpg 300w, https:\/\/www.scbs-education.com\/wp-content\/uploads\/2025\/09\/DSC07829-1024x683.jpg 1024w, https:\/\/www.scbs-education.com\/wp-content\/uploads\/2025\/09\/DSC07829-768x512.jpg 768w, https:\/\/www.scbs-education.com\/wp-content\/uploads\/2025\/09\/DSC07829-1536x1024.jpg 1536w, https:\/\/www.scbs-education.com\/wp-content\/uploads\/2025\/09\/DSC07829-2048x1365.jpg 2048w\" sizes=\"(max-width: 2560px) 100vw, 2560px\" \/><\/figure>\n\n\n\n<div class=\"ik-block-group wp-block-group fac-personnel-single-infos is-layout-constrained wp-block-group-is-layout-constrained\">\n<p class=\"fac-personnel-single-nom wp-block-paragraph\">Christina Tsoni<\/p>\n\n\n\n<div class=\"ik-block-row wp-block-group is-nowrap is-layout-flex wp-container-core-group-is-layout-0e47273b wp-block-group-is-layout-flex\">\n<div class=\"ik-block-group wp-block-group fac-personnel-single-row-mail-fonction is-layout-constrained wp-block-group-is-layout-constrained\">\n<p class=\"fac-personnel-single-mail wp-block-paragraph\">christina.tsoni@yschools.fr<\/p>\n\n\n\n<p class=\"fac-personnel-single-fonction wp-block-paragraph\">Associate Professor<\/p>\n<\/div>\n\n\n\n<p class=\"fac-personnel-single-plus grid-toggle wp-block-paragraph\">See more<\/p>\n<\/div>\n<\/div>\n<\/div>\n\n\n\n<div class=\"ik-block-group wp-block-group fac-personnel-single-details grid-details is-layout-constrained wp-block-group-is-layout-constrained\">\n<div class=\"ik-block-row wp-block-group is-nowrap is-layout-flex wp-container-core-group-is-layout-0e47273b wp-block-group-is-layout-flex\">\n<div class=\"ik-block-group wp-block-group is-layout-constrained wp-block-group-is-layout-constrained\">\n<p class=\"wp-block-paragraph\"><em>Expertise<\/em><\/p>\n\n\n\n<p class=\"wp-block-paragraph\">Digital challenges for businesses, Information systems (IS), Management,<\/p>\n\n\n\n<p class=\"wp-block-paragraph\">Corporate strategy.<\/p>\n<\/div>\n\n\n\n<div class=\"ik-block-group wp-block-group is-layout-constrained wp-block-group-is-layout-constrained\">\n<p class=\"wp-block-paragraph\"><em>Last diploma<\/em><\/p>\n\n\n\n<p class=\"wp-block-paragraph\"><strong>Doctorat en Sciences de Gestion<\/strong> &#8221; Action manag\u00e9riale et appropriation individuelle d&#8217;un changement organisationnel d&#8217;impos\u00e9 &#8220;, IAE d&#8217;Aix-en-Provence, Universit\u00e9 Paul C\u00e9zanne Aix-Marseille III, 2007<\/p>\n<\/div>\n<\/div>\n\n\n\n<div class=\"ik-block-group wp-block-group is-layout-constrained wp-block-group-is-layout-constrained\">\n<p class=\"wp-block-paragraph\"><em>Publications<\/em><\/p>\n\n\n\n<p class=\"wp-block-paragraph\"><strong>&#8220;CIO profiles: the contribution of narrative identity&#8221;<\/strong>, Muselli, L., Tsoni, C., Martineau, R., &amp; Bertin, E. | Syst\u00e8mes d&#8217;Information et Management, 28(3), 11-58 (2023)<\/p>\n\n\n\n<p class=\"wp-block-paragraph\"><strong>&#8220;Symbolism and deployment strategies for Information Technologies&#8221;<\/strong>, Christina Tsoni &amp; R\u00e9gis Martineau | Syst\u00e8mes d&#8217;Information et Management Vol.24, n\u00b04 (2019)<\/p>\n\n\n\n<p class=\"wp-block-paragraph\"><strong>&#8220;L&#8217;apport des th\u00e9ories de la motivation pour comprendre l&#8217;appropriation des TI&#8221;<\/strong>, Christina Tsoni | Syst\u00e8mes d&#8217;Information et Management (SIM) Vol.22, n\u00b04, pp.1-39 (2017)<\/p>\n\n\n\n<p class=\"wp-block-paragraph\"><strong>&#8220;Front line employee versus customer perceptions of quality attributes&#8221;<\/strong>, Anne Julien &amp; Christina Tsoni | Quality Management Journal, Vol. 20, n\u00b02, pp.48-59 (2013)<\/p>\n\n\n\n<p class=\"wp-block-paragraph\"><strong>&#8220;Proposition d&#8217;une \u00e9chelle de mesure psychom\u00e9trique de l&#8217;appropriation individuelle d&#8217;un outil informatique (A psychometric scale of individual appropriation of a technology)&#8221;<\/strong>, Christina Tsoni | Syst\u00e8mes d&#8217;Informations et Management (SIM), n\u00b04, Vol. 17, pp.39-68 (2012)<\/p>\n<\/div>\n<\/div>\n<\/div>\n<\/div>\n\n\n\n<div class=\"wp-block-column is-layout-flow wp-block-column-is-layout-flow\">\n<div class=\"ik-block-group wp-block-group fac-personnel-single grid-plus is-layout-constrained wp-block-group-is-layout-constrained\">\n<div class=\"ik-block-row wp-block-group fac-personnel-single-base is-nowrap is-layout-flex wp-container-core-group-is-layout-0e47273b wp-block-group-is-layout-flex\">\n<figure class=\"wp-block-image size-full is-resized fac-personnel-single-photo\"><img decoding=\"async\" width=\"2560\" height=\"1707\" src=\"https:\/\/www.scbs-education.com\/wp-content\/uploads\/2025\/09\/DSC08545-1-scaled.jpg\" alt=\"\" class=\"wp-image-1807\" style=\"width:217px;height:auto\" srcset=\"https:\/\/www.scbs-education.com\/wp-content\/uploads\/2025\/09\/DSC08545-1-scaled.jpg 2560w, https:\/\/www.scbs-education.com\/wp-content\/uploads\/2025\/09\/DSC08545-1-300x200.jpg 300w, https:\/\/www.scbs-education.com\/wp-content\/uploads\/2025\/09\/DSC08545-1-1024x683.jpg 1024w, https:\/\/www.scbs-education.com\/wp-content\/uploads\/2025\/09\/DSC08545-1-768x512.jpg 768w, https:\/\/www.scbs-education.com\/wp-content\/uploads\/2025\/09\/DSC08545-1-1536x1024.jpg 1536w, https:\/\/www.scbs-education.com\/wp-content\/uploads\/2025\/09\/DSC08545-1-2048x1365.jpg 2048w\" sizes=\"(max-width: 2560px) 100vw, 2560px\" \/><\/figure>\n\n\n\n<div class=\"ik-block-group wp-block-group fac-personnel-single-infos is-layout-constrained wp-block-group-is-layout-constrained\">\n<p class=\"fac-personnel-single-nom wp-block-paragraph\">Jos\u00e9 Canto Fadda<\/p>\n\n\n\n<div class=\"ik-block-row wp-block-group is-nowrap is-layout-flex wp-container-core-group-is-layout-0e47273b wp-block-group-is-layout-flex\">\n<div class=\"ik-block-group wp-block-group fac-personnel-single-row-mail-fonction is-layout-constrained wp-block-group-is-layout-constrained\">\n<p class=\"fac-personnel-single-mail wp-block-paragraph\">jose.canto-fadda@yschools.fr<\/p>\n\n\n\n<p class=\"fac-personnel-single-fonction wp-block-paragraph\">Permanent teacher<\/p>\n<\/div>\n\n\n\n<p class=\"fac-personnel-single-plus grid-toggle wp-block-paragraph\">See more<\/p>\n<\/div>\n<\/div>\n<\/div>\n\n\n\n<div class=\"ik-block-group wp-block-group fac-personnel-single-details grid-details is-layout-constrained wp-block-group-is-layout-constrained\">\n<div class=\"ik-block-row wp-block-group is-nowrap is-layout-flex wp-container-core-group-is-layout-0e47273b wp-block-group-is-layout-flex\">\n<div class=\"ik-block-group wp-block-group is-layout-constrained wp-block-group-is-layout-constrained\">\n<p class=\"wp-block-paragraph\"><em>Expertise<\/em><\/p>\n\n\n\n<p class=\"wp-block-paragraph\">Languages: Spanish, English, French as a foreign language.<\/p>\n<\/div>\n\n\n\n<div class=\"ik-block-group wp-block-group is-layout-constrained wp-block-group-is-layout-constrained\">\n<p class=\"wp-block-paragraph\"><em>Last diploma<\/em><\/p>\n\n\n\n<p class=\"wp-block-paragraph\"><strong>Master in Didactics of Languages,<\/strong> University of Strasbourg, 2014<\/p>\n<\/div>\n<\/div>\n\n\n\n<div class=\"ik-block-group wp-block-group is-layout-constrained wp-block-group-is-layout-constrained\">\n<p class=\"wp-block-paragraph\"><em>Professional experience<\/em><\/p>\n\n\n\n<p class=\"wp-block-paragraph\"><strong>Permanent Teacher &amp; Coordinator,<\/strong> Y SCHOOLS, since 2020<br><strong>Teacher in Spanish, English and FLE,<\/strong> Y SCHOOLS, 2017-2020<br><strong>Teacher in Spanish,<\/strong> Coll\u00e8ge mixte priv\u00e9 Saint Dominique Savio, 2016-2017<br><strong>Formateur FLE,<\/strong> Groupe ADPS, 2016-2017<br><strong>Tenured teacher (English, French, Syntax, Psycholinguistics and Instructional Materials),<\/strong> University of Valladolid Yucatan, 2012-2013<\/p>\n<\/div>\n<\/div>\n<\/div>\n\n\n\n<div class=\"ik-block-group wp-block-group fac-personnel-single grid-plus is-layout-constrained wp-block-group-is-layout-constrained\">\n<div class=\"ik-block-row wp-block-group fac-personnel-single-base is-nowrap is-layout-flex wp-container-core-group-is-layout-0e47273b wp-block-group-is-layout-flex\">\n<figure class=\"wp-block-image size-full is-resized fac-personnel-single-photo\"><img decoding=\"async\" width=\"2560\" height=\"1707\" src=\"https:\/\/www.scbs-education.com\/wp-content\/uploads\/2025\/09\/DSC07599-2-scaled.jpg\" alt=\"\" class=\"wp-image-18179\" style=\"width:209px;height:auto\" srcset=\"https:\/\/www.scbs-education.com\/wp-content\/uploads\/2025\/09\/DSC07599-2-scaled.jpg 2560w, https:\/\/www.scbs-education.com\/wp-content\/uploads\/2025\/09\/DSC07599-2-300x200.jpg 300w, https:\/\/www.scbs-education.com\/wp-content\/uploads\/2025\/09\/DSC07599-2-1024x683.jpg 1024w, https:\/\/www.scbs-education.com\/wp-content\/uploads\/2025\/09\/DSC07599-2-768x512.jpg 768w, https:\/\/www.scbs-education.com\/wp-content\/uploads\/2025\/09\/DSC07599-2-1536x1024.jpg 1536w, https:\/\/www.scbs-education.com\/wp-content\/uploads\/2025\/09\/DSC07599-2-2048x1365.jpg 2048w\" sizes=\"(max-width: 2560px) 100vw, 2560px\" \/><\/figure>\n\n\n\n<div class=\"ik-block-group wp-block-group fac-personnel-single-infos is-layout-constrained wp-block-group-is-layout-constrained\">\n<p class=\"fac-personnel-single-nom wp-block-paragraph\">\u00c9lodie Crepin<\/p>\n\n\n\n<div class=\"ik-block-row wp-block-group is-nowrap is-layout-flex wp-container-core-group-is-layout-0e47273b wp-block-group-is-layout-flex\">\n<div class=\"ik-block-group wp-block-group fac-personnel-single-row-mail-fonction is-layout-constrained wp-block-group-is-layout-constrained\">\n<p class=\"fac-personnel-single-mail wp-block-paragraph\">elodie.crepin@yschools.fr<\/p>\n\n\n\n<p class=\"fac-personnel-single-fonction wp-block-paragraph\">Permanent teacher<\/p>\n<\/div>\n\n\n\n<p class=\"fac-personnel-single-plus grid-toggle wp-block-paragraph\">See more<\/p>\n<\/div>\n<\/div>\n<\/div>\n\n\n\n<div class=\"ik-block-group wp-block-group fac-personnel-single-details grid-details is-layout-constrained wp-block-group-is-layout-constrained\">\n<div class=\"ik-block-row wp-block-group is-nowrap is-layout-flex wp-container-core-group-is-layout-0e47273b wp-block-group-is-layout-flex\">\n<div class=\"ik-block-group wp-block-group is-layout-constrained wp-block-group-is-layout-constrained\">\n<p class=\"wp-block-paragraph\"><em>Expertise<\/em><\/p>\n\n\n\n<p class=\"wp-block-paragraph\">Marketing, International Management.<\/p>\n<\/div>\n\n\n\n<div class=\"ik-block-group wp-block-group is-layout-constrained wp-block-group-is-layout-constrained\">\n<p class=\"wp-block-paragraph\"><em>Last diploma<\/em><\/p>\n\n\n\n<p class=\"wp-block-paragraph\"><strong>Master In Management,<\/strong> International Management specialization, HEC, 2001<\/p>\n<\/div>\n<\/div>\n\n\n\n<div class=\"ik-block-group wp-block-group is-layout-constrained wp-block-group-is-layout-constrained\">\n<p class=\"wp-block-paragraph\"><em>Professional experience<\/em><\/p>\n\n\n\n<p class=\"wp-block-paragraph\"><strong>Permanent Teacher,<\/strong> Y SCHOOLS, since 2022<br><strong>Senior Manager Toys,<\/strong> Auchan Retail (GSA), 2021-2022<br><strong>Marketing Lecturer,<\/strong> ISFATES, IAE de Metz, 2020-2021<br><strong>Entrepreneur,<\/strong> \u00c9dition presse jeunesse, 2017-2019<br><strong>Marketing Lecturer,<\/strong> ESSEC, ESCP, INSEEC, 2014-2015<br><strong>Responsable Analyse et Strat\u00e9gie,<\/strong> Mistergooddeal, 2013-2014<\/p>\n<\/div>\n<\/div>\n<\/div>\n\n\n\n<div class=\"ik-block-group wp-block-group fac-personnel-single grid-plus is-layout-constrained wp-block-group-is-layout-constrained\">\n<div class=\"ik-block-row wp-block-group fac-personnel-single-base is-nowrap is-layout-flex wp-container-core-group-is-layout-0e47273b wp-block-group-is-layout-flex\">\n<figure class=\"wp-block-image size-full is-resized fac-personnel-single-photo\"><img decoding=\"async\" width=\"2560\" height=\"1707\" src=\"https:\/\/www.scbs-education.com\/wp-content\/uploads\/2025\/09\/DSC08549-scaled.jpg\" alt=\"\" class=\"wp-image-1813\" style=\"width:214px;height:auto\" srcset=\"https:\/\/www.scbs-education.com\/wp-content\/uploads\/2025\/09\/DSC08549-scaled.jpg 2560w, https:\/\/www.scbs-education.com\/wp-content\/uploads\/2025\/09\/DSC08549-300x200.jpg 300w, https:\/\/www.scbs-education.com\/wp-content\/uploads\/2025\/09\/DSC08549-1024x683.jpg 1024w, https:\/\/www.scbs-education.com\/wp-content\/uploads\/2025\/09\/DSC08549-768x512.jpg 768w, https:\/\/www.scbs-education.com\/wp-content\/uploads\/2025\/09\/DSC08549-1536x1024.jpg 1536w, https:\/\/www.scbs-education.com\/wp-content\/uploads\/2025\/09\/DSC08549-2048x1365.jpg 2048w\" sizes=\"(max-width: 2560px) 100vw, 2560px\" \/><\/figure>\n\n\n\n<div class=\"ik-block-group wp-block-group fac-personnel-single-infos is-layout-constrained wp-block-group-is-layout-constrained\">\n<p class=\"fac-personnel-single-nom wp-block-paragraph\">Jeanette Desser<\/p>\n\n\n\n<div class=\"ik-block-row wp-block-group is-nowrap is-layout-flex wp-container-core-group-is-layout-0e47273b wp-block-group-is-layout-flex\">\n<div class=\"ik-block-group wp-block-group fac-personnel-single-row-mail-fonction is-layout-constrained wp-block-group-is-layout-constrained\">\n<p class=\"fac-personnel-single-mail wp-block-paragraph\">jeanette.desser@yschools.fr<\/p>\n\n\n\n<p class=\"fac-personnel-single-fonction wp-block-paragraph\">Permanent teacher<\/p>\n<\/div>\n\n\n\n<p class=\"fac-personnel-single-plus grid-toggle wp-block-paragraph\">See more<\/p>\n<\/div>\n<\/div>\n<\/div>\n\n\n\n<div class=\"ik-block-group wp-block-group fac-personnel-single-details grid-details is-layout-constrained wp-block-group-is-layout-constrained\">\n<div class=\"ik-block-row wp-block-group is-nowrap is-layout-flex wp-container-core-group-is-layout-0e47273b wp-block-group-is-layout-flex\">\n<div class=\"ik-block-group wp-block-group is-layout-constrained wp-block-group-is-layout-constrained\">\n<p class=\"wp-block-paragraph\"><em>Expertise<\/em><\/p>\n\n\n\n<p class=\"wp-block-paragraph\">Teaching English, <br>Proofreading and editing in English.<\/p>\n<\/div>\n\n\n\n<div class=\"ik-block-group wp-block-group is-layout-constrained wp-block-group-is-layout-constrained\">\n<p class=\"wp-block-paragraph\"><em>Last diploma<\/em><\/p>\n\n\n\n<p class=\"wp-block-paragraph\"><strong>Bachelor of Arts in English,<\/strong> University of Dallas, USA, 1994<br><strong>TQUK Level 5 Certificate in Teaching English as a Foreign Language,<\/strong> RQF, International TEFL Academy, USA, 2018<\/p>\n<\/div>\n<\/div>\n\n\n\n<div class=\"ik-block-group wp-block-group is-layout-constrained wp-block-group-is-layout-constrained\">\n<p class=\"wp-block-paragraph\"><em>Professional experience<\/em><\/p>\n\n\n\n<p class=\"wp-block-paragraph\"><strong>Educational Coordinator,<\/strong> Y SCHOOLS PFEP, since 2024<br><strong>English teacher,<\/strong> Y SCHOOLS PFEP, SCBS, EST and ESD, since 2019<br><strong>English teacher,<\/strong> EPF, Troyes, 2023<br><strong>English teacher,<\/strong> ESTP, Troyes, 2022-2023<br><strong>Volunteer social worker and English teacher,<\/strong> Red Cross, Troyes, 2018-2020<br><strong>English teacher,<\/strong> private school, Troyes, 2017-2018<br><strong>English teacher,<\/strong> Cardijn Learning Center, Djibouti, 2016-2017<br><strong>Designer and editor-in-chief,<\/strong> Neiman Marcus Group, United States, 2010-2016<br><strong>Editor,<\/strong> Neiman Marcus Group, United States, 1997-2010<br><strong>Assistant Professor and Tutor of English,<\/strong> Brookhaven College and NorthLake College, USA, 1995-1998<\/p>\n<\/div>\n<\/div>\n<\/div>\n\n\n\n<div class=\"ik-block-group wp-block-group fac-personnel-single grid-plus is-layout-constrained wp-block-group-is-layout-constrained\">\n<div class=\"ik-block-row wp-block-group fac-personnel-single-base is-nowrap is-layout-flex wp-container-core-group-is-layout-0e47273b wp-block-group-is-layout-flex\">\n<figure class=\"wp-block-image size-full fac-personnel-single-photo\"><img decoding=\"async\" width=\"222\" height=\"162\" src=\"https:\/\/www.scbs-education.com\/wp-content\/uploads\/2025\/07\/socrat-ghadban.jpg\" alt=\"\" class=\"wp-image-766\"\/><\/figure>\n\n\n\n<div class=\"ik-block-group wp-block-group fac-personnel-single-infos is-layout-constrained wp-block-group-is-layout-constrained\">\n<p class=\"fac-personnel-single-nom wp-block-paragraph\">Socrat Ghadban<\/p>\n\n\n\n<div class=\"ik-block-row wp-block-group is-nowrap is-layout-flex wp-container-core-group-is-layout-0e47273b wp-block-group-is-layout-flex\">\n<div class=\"ik-block-group wp-block-group fac-personnel-single-row-mail-fonction is-layout-constrained wp-block-group-is-layout-constrained\">\n<p class=\"fac-personnel-single-mail wp-block-paragraph\">socrat.ghadban@yschools.fr<\/p>\n\n\n\n<p class=\"fac-personnel-single-fonction wp-block-paragraph\">Associate Professor<\/p>\n<\/div>\n\n\n\n<p class=\"fac-personnel-single-plus grid-toggle wp-block-paragraph\">See more<\/p>\n<\/div>\n<\/div>\n<\/div>\n\n\n\n<div class=\"ik-block-group wp-block-group fac-personnel-single-details grid-details is-layout-constrained wp-block-group-is-layout-constrained\">\n<div class=\"ik-block-row wp-block-group is-nowrap is-layout-flex wp-container-core-group-is-layout-0e47273b wp-block-group-is-layout-flex\">\n<div class=\"ik-block-group wp-block-group is-layout-constrained wp-block-group-is-layout-constrained\">\n<p class=\"wp-block-paragraph\"><em>Expertise<\/em><\/p>\n\n\n\n<p class=\"wp-block-paragraph\">Tourism, Hospitality, Finance.<\/p>\n<\/div>\n\n\n\n<div class=\"ik-block-group wp-block-group is-layout-constrained wp-block-group-is-layout-constrained\">\n<p class=\"wp-block-paragraph\"><em>Last diploma<\/em><\/p>\n\n\n\n<p class=\"wp-block-paragraph\"><strong>Ph.D. in Social Economics <\/strong>The Exchange rate and its impact on tourism&#8221;, Universit\u00e9 Toulouse II &#8211; Jean Jaur\u00e8s Toulouse, 2013<\/p>\n<\/div>\n<\/div>\n\n\n\n<div class=\"ik-block-group wp-block-group is-layout-constrained wp-block-group-is-layout-constrained\">\n<p class=\"wp-block-paragraph\"><em>Publications<\/em><\/p>\n\n\n\n<p class=\"wp-block-paragraph\"><strong>&#8220;Edible Wild Plants Economy and Food Heritage Amid Lebanon&#8217;s Crisis-The Druze Community&#8221;<\/strong>, Ghadban, S., Shames, M., &amp; Pieroni, A. |Food Systems, (9), 177-204 (2024)<\/p>\n\n\n\n<p class=\"wp-block-paragraph\"><strong>&#8220;Decoding international Solo women travelers&#8217; experience: A qualitative analysis of user-generated videos&#8221;<\/strong>, Ghadban, S., Kamar, R., &amp; Haidar, R. | Journal of Outdoor Recreation and Tourism, 44, 100648 (2023)<\/p>\n\n\n\n<p class=\"wp-block-paragraph\"><strong>&#8220;An Identification Of Customers&#8217; Preferred Restaurant Menu Measures During A Crisis Using Best-Worst Scaling (BWS).&#8221;<\/strong>, Ghadban, S., Fayad, B. | Journal of Foodservice Business Research (2021)<\/p>\n\n\n\n<p class=\"wp-block-paragraph\"><strong>&#8220;Seasonal Tourism Demand In Lebanese Ski Resorts.&#8221;<\/strong>, Ghadban, S., Shames, M., Abou Arrage, J., &amp; Leroux, E. | International Journal of Tourism &amp; Hospitality Reviews, 6(1), 58-69 (2019)<\/p>\n\n\n\n<p class=\"wp-block-paragraph\"><strong>&#8220;Rural tourism in Lebanon: What does the market reveal?&#8221;<\/strong>, Ghadban, S., Shames, M., Abou Arrage, J., &amp; Abou Fayyad, A. | Journal of Tourism Research &amp; Hospitality, 06(03) (2017)<\/p>\n\n\n\n<p class=\"wp-block-paragraph\"><strong>&#8220;Nightlife Tourism: A Blessing or a Curse for Host Communities? &#8220;A Case Study on Gemmayzeh, Lebanon&#8221;. <\/strong>El Maalouf, H., &amp; Ghadban, S. | &#8220;. Journal of Tourism Research &amp; Hospitality, 04(02) (2015) <\/p>\n\n\n\n<p class=\"wp-block-paragraph\"><strong>&#8220;Dark Tourism in Lebanon: A Bright Opportunity to be Pursued&#8221;<\/strong>, Ghadban, D. S., El Maalouf, H., &amp; Zaki, M. A. | International Journal of Tourism &amp; Hospitality Reviews, 2(1), 53 (2015)<\/p>\n\n\n\n<p class=\"wp-block-paragraph\"><strong>&#8220;Exchange rates and sustainable tourism policy&#8221;<\/strong>, Ghadban, S. | Management &amp; Avenir, 76(2), 169 (2015)<\/p>\n\n\n\n<p class=\"wp-block-paragraph\"><strong>&#8220;Greek tourism secret recipe: Is exchange rate the main ingredient?&#8221;<\/strong>, Ghadban, S. | Journal of Travel and Tourism Research (1) (2014)<\/p>\n<\/div>\n<\/div>\n<\/div>\n\n\n\n<div class=\"ik-block-group wp-block-group fac-personnel-single grid-plus is-layout-constrained wp-block-group-is-layout-constrained\">\n<div class=\"ik-block-row wp-block-group fac-personnel-single-base is-nowrap is-layout-flex wp-container-core-group-is-layout-0e47273b wp-block-group-is-layout-flex\">\n<figure class=\"wp-block-image size-full is-resized fac-personnel-single-photo\"><img decoding=\"async\" width=\"2560\" height=\"1596\" src=\"https:\/\/www.scbs-education.com\/wp-content\/uploads\/2025\/09\/DSC08452-scaled.jpg\" alt=\"\" class=\"wp-image-18166\" style=\"width:216px;height:auto\" srcset=\"https:\/\/www.scbs-education.com\/wp-content\/uploads\/2025\/09\/DSC08452-scaled.jpg 2560w, https:\/\/www.scbs-education.com\/wp-content\/uploads\/2025\/09\/DSC08452-300x187.jpg 300w, https:\/\/www.scbs-education.com\/wp-content\/uploads\/2025\/09\/DSC08452-1024x638.jpg 1024w, https:\/\/www.scbs-education.com\/wp-content\/uploads\/2025\/09\/DSC08452-768x479.jpg 768w, https:\/\/www.scbs-education.com\/wp-content\/uploads\/2025\/09\/DSC08452-1536x958.jpg 1536w, https:\/\/www.scbs-education.com\/wp-content\/uploads\/2025\/09\/DSC08452-2048x1277.jpg 2048w\" sizes=\"(max-width: 2560px) 100vw, 2560px\" \/><\/figure>\n\n\n\n<div class=\"ik-block-group wp-block-group fac-personnel-single-infos is-layout-constrained wp-block-group-is-layout-constrained\">\n<p class=\"fac-personnel-single-nom wp-block-paragraph\">Nicholas Hogan<\/p>\n\n\n\n<div class=\"ik-block-row wp-block-group is-nowrap is-layout-flex wp-container-core-group-is-layout-0e47273b wp-block-group-is-layout-flex\">\n<div class=\"ik-block-group wp-block-group fac-personnel-single-row-mail-fonction is-layout-constrained wp-block-group-is-layout-constrained\">\n<p class=\"fac-personnel-single-mail wp-block-paragraph\"><a href=\"mailto:nicholas.hogan@yschools.fr\">nicholas.hogan@yschools.fr<\/a><\/p>\n\n\n\n<p class=\"fac-personnel-single-fonction wp-block-paragraph\">Permanent teacher<\/p>\n<\/div>\n\n\n\n<p class=\"fac-personnel-single-plus grid-toggle wp-block-paragraph\">See more<\/p>\n<\/div>\n<\/div>\n<\/div>\n\n\n\n<div class=\"ik-block-group wp-block-group fac-personnel-single-details grid-details is-layout-constrained wp-block-group-is-layout-constrained\">\n<div class=\"ik-block-row wp-block-group is-nowrap is-layout-flex wp-container-core-group-is-layout-0e47273b wp-block-group-is-layout-flex\">\n<div class=\"ik-block-group wp-block-group is-layout-constrained wp-block-group-is-layout-constrained\">\n<p class=\"wp-block-paragraph\"><em>Expertise<\/em><\/p>\n\n\n\n<p class=\"wp-block-paragraph\">The use of English, and its professional and social application.<\/p>\n<\/div>\n\n\n\n<div class=\"ik-block-group wp-block-group is-layout-constrained wp-block-group-is-layout-constrained\">\n<p class=\"wp-block-paragraph\"><em>Last diploma<\/em><\/p>\n\n\n\n<p class=\"wp-block-paragraph\">CELTA &#8211; <strong>Teaching English as a Foreign Language Certificate<\/strong>, Cambridge, 2018<\/p>\n<\/div>\n<\/div>\n\n\n\n<div class=\"ik-block-group wp-block-group is-layout-constrained wp-block-group-is-layout-constrained\">\n<p class=\"wp-block-paragraph\"><em>Professional experience<\/em><\/p>\n\n\n\n<p class=\"wp-block-paragraph\"><strong>Permanent English teacher<\/strong>, SCBS, EST, ESD &#8211; Y SCHOOLS since 2021<\/p>\n\n\n\n<p class=\"wp-block-paragraph\"><strong>Temporary English teacher <\/strong>at URCA, History &amp; Law degree, since 2023<\/p>\n\n\n\n<p class=\"wp-block-paragraph\"><strong>President of Babel Troyes<\/strong>, Troyes-based language association, since 2023<\/p>\n\n\n\n<p class=\"wp-block-paragraph\"><strong>English teacher-trainer<\/strong>, BTS &amp; Masters section CFA La Salle-St Joseph, since 2020<\/p>\n<\/div>\n<\/div>\n<\/div>\n\n\n\n<div class=\"ik-block-group wp-block-group fac-personnel-single grid-plus is-layout-constrained wp-block-group-is-layout-constrained\">\n<div class=\"ik-block-row wp-block-group fac-personnel-single-base is-nowrap is-layout-flex wp-container-core-group-is-layout-0e47273b wp-block-group-is-layout-flex\">\n<figure class=\"wp-block-image size-full is-resized fac-personnel-single-photo\"><img decoding=\"async\" src=\"https:\/\/www.scbs-education.com\/wp-content\/uploads\/2025\/09\/logo-scbs.svg\" alt=\"SCBS logo\" class=\"wp-image-1356\" style=\"width:170px;height:auto\"\/><\/figure>\n\n\n\n<div class=\"ik-block-group wp-block-group fac-personnel-single-infos is-layout-constrained wp-block-group-is-layout-constrained\">\n<p class=\"fac-personnel-single-nom wp-block-paragraph\">Thomas Majd<\/p>\n\n\n\n<div class=\"ik-block-row wp-block-group is-nowrap is-layout-flex wp-container-core-group-is-layout-0e47273b wp-block-group-is-layout-flex\">\n<div class=\"ik-block-group wp-block-group fac-personnel-single-row-mail-fonction is-layout-constrained wp-block-group-is-layout-constrained\">\n<p class=\"fac-personnel-single-mail wp-block-paragraph\">thomas.majd@yschools.fr<\/p>\n\n\n\n<p class=\"fac-personnel-single-fonction wp-block-paragraph\">Associate Professor<\/p>\n<\/div>\n\n\n\n<p class=\"fac-personnel-single-plus grid-toggle wp-block-paragraph\">See more<\/p>\n<\/div>\n<\/div>\n<\/div>\n\n\n\n<div class=\"ik-block-group wp-block-group fac-personnel-single-details grid-details is-layout-constrained wp-block-group-is-layout-constrained\">\n<div class=\"ik-block-row wp-block-group is-nowrap is-layout-flex wp-container-core-group-is-layout-0e47273b wp-block-group-is-layout-flex\">\n<div class=\"ik-block-group wp-block-group is-layout-constrained wp-block-group-is-layout-constrained\">\n<p class=\"wp-block-paragraph\"><em>Expertise<\/em><\/p>\n\n\n\n<p class=\"wp-block-paragraph\">Tourism marketing, Marketing strategy, Fundamental marketing, Negotiation .<\/p>\n<\/div>\n\n\n\n<div class=\"ik-block-group wp-block-group is-layout-constrained wp-block-group-is-layout-constrained\">\n<p class=\"wp-block-paragraph\"><em>Last diploma<\/em><\/p>\n\n\n\n<p class=\"wp-block-paragraph\"><strong>PhD in Management Sciences (Marketing)<\/strong> &#8220;Contribution \u00e0 l&#8217;analyse des facteurs explicatifs de la performance des commerciaux en mati\u00e8re de veille marketing&nbsp;: esquisse d&#8217;un cadre conceptuel&#8221;, Universit\u00e9 Paris XIII, 2015<\/p>\n<\/div>\n<\/div>\n\n\n\n<div class=\"ik-block-group wp-block-group is-layout-constrained wp-block-group-is-layout-constrained\">\n<p class=\"wp-block-paragraph\"><em>Publications<\/em><\/p>\n\n\n\n<p class=\"wp-block-paragraph\"><strong>&#8220;Persuasive Technology and Care Management: a Systematic Review&#8221;<\/strong>, Bellow, E., Majd, T., &amp; Lopez, J. C. | . Management &amp; Avenir-Sant\u00e9, 7(2), 57-75 (2020) <\/p>\n\n\n\n<p class=\"wp-block-paragraph\"><strong>&#8220;Creative and sustainable tourism: The case of Ainu in Japan. Symphonya&#8221;<\/strong>, Bellow, E., Majd, T., &amp; Casalegno, C. | . Emerging Issues in Management, (2), 119-132 (2019) <\/p>\n\n\n\n<p class=\"wp-block-paragraph\"><strong>&#8220;Effects of Motivation and Quality of Life on the Subjective Well-Being and Behavioral Intentions of Ecotourists in Tunisia<\/strong>,<strong>&#8220;<\/strong> Maghreb- Machrek Review, Vol.1, n\u00b0239 (2019)<\/p>\n\n\n\n<p class=\"wp-block-paragraph\"><strong>&#8220;D\u00e9veloppement durable et choix des indicateurs&nbsp;: le cas de l&#8217;h\u00e9bergement type Airbnb&#8221;<\/strong>, Isabelle Senn Zilberberg, Rapha\u00ebl Dornier, Noureddine Selmi, Thomas Majd | Management &amp; Avenir n\u00b0585, pp.172-190 ( 2016)<\/p>\n\n\n\n<p class=\"wp-block-paragraph\"><strong>&#8220;Online Communication and Italian Tourism&#8221;<\/strong>, Mosca, F., Kamel, B. Y., &amp; Majd, T. | . Symphonya, 2, 31-45 (2016) <\/p>\n\n\n\n<p class=\"wp-block-paragraph\"><strong>&#8220;Crowdsourcing as Tools for Launching a Wikibrand. The Case of Ligury: a Wikibrand for a Wikidestination&#8221;<\/strong>, Youssef, K. B., Fazzini, M., &amp; Majd, T. | International Journal of Economic Practices and Theories, 4(5) (2014)<\/p>\n<\/div>\n<\/div>\n<\/div>\n\n\n\n<div class=\"ik-block-group wp-block-group fac-personnel-single grid-plus is-layout-constrained wp-block-group-is-layout-constrained\">\n<div class=\"ik-block-row wp-block-group fac-personnel-single-base is-nowrap is-layout-flex wp-container-core-group-is-layout-0e47273b wp-block-group-is-layout-flex\">\n<figure class=\"wp-block-image size-full is-resized fac-personnel-single-photo\"><img decoding=\"async\" width=\"2560\" height=\"1706\" src=\"https:\/\/www.scbs-education.com\/wp-content\/uploads\/2025\/09\/DSC07863-scaled.jpg\" alt=\"\" class=\"wp-image-1834\" style=\"width:204px;height:auto\" srcset=\"https:\/\/www.scbs-education.com\/wp-content\/uploads\/2025\/09\/DSC07863-scaled.jpg 2560w, https:\/\/www.scbs-education.com\/wp-content\/uploads\/2025\/09\/DSC07863-300x200.jpg 300w, https:\/\/www.scbs-education.com\/wp-content\/uploads\/2025\/09\/DSC07863-1024x683.jpg 1024w, https:\/\/www.scbs-education.com\/wp-content\/uploads\/2025\/09\/DSC07863-768x512.jpg 768w, https:\/\/www.scbs-education.com\/wp-content\/uploads\/2025\/09\/DSC07863-1536x1024.jpg 1536w, https:\/\/www.scbs-education.com\/wp-content\/uploads\/2025\/09\/DSC07863-2048x1365.jpg 2048w\" sizes=\"(max-width: 2560px) 100vw, 2560px\" \/><\/figure>\n\n\n\n<div class=\"ik-block-group wp-block-group fac-personnel-single-infos is-layout-constrained wp-block-group-is-layout-constrained\">\n<p class=\"fac-personnel-single-nom wp-block-paragraph\">Asad Ali Rind<\/p>\n\n\n\n<div class=\"ik-block-row wp-block-group is-nowrap is-layout-flex wp-container-core-group-is-layout-0e47273b wp-block-group-is-layout-flex\">\n<div class=\"ik-block-group wp-block-group fac-personnel-single-row-mail-fonction is-layout-constrained wp-block-group-is-layout-constrained\">\n<p class=\"fac-personnel-single-mail wp-block-paragraph\">asad-ali.rind@yschools.fr<\/p>\n\n\n\n<p class=\"fac-personnel-single-fonction wp-block-paragraph\">Associate Professor<\/p>\n<\/div>\n\n\n\n<p class=\"fac-personnel-single-plus grid-toggle wp-block-paragraph\">See more<\/p>\n<\/div>\n<\/div>\n<\/div>\n\n\n\n<div class=\"ik-block-group wp-block-group fac-personnel-single-details grid-details is-layout-constrained wp-block-group-is-layout-constrained\">\n<div class=\"ik-block-row wp-block-group is-nowrap is-layout-flex wp-container-core-group-is-layout-0e47273b wp-block-group-is-layout-flex\">\n<div class=\"ik-block-group wp-block-group is-layout-constrained wp-block-group-is-layout-constrained\">\n<p class=\"wp-block-paragraph\"><em>Expertise<\/em><\/p>\n\n\n\n<p class=\"wp-block-paragraph\">Corporate Finance, International Finance.<\/p>\n<\/div>\n\n\n\n<div class=\"ik-block-group wp-block-group is-layout-constrained wp-block-group-is-layout-constrained\">\n<p class=\"wp-block-paragraph\"><em>Last diploma<\/em><\/p>\n\n\n\n<p class=\"wp-block-paragraph\"><strong>PhD in Finance <\/strong>&#8220;Essays on Peer effects in Corporate Finance&#8221;, Universit\u00e9 Paris-Est, 2018<\/p>\n<\/div>\n<\/div>\n\n\n\n<div class=\"ik-block-group wp-block-group is-layout-constrained wp-block-group-is-layout-constrained\">\n<p class=\"wp-block-paragraph\"><em>Publications<\/em><\/p>\n\n\n\n<p class=\"wp-block-paragraph\"><strong>&#8220;Do Co-Opted Boards Lead to Managerial Obfuscation? Evidence From the 10-K Report Readability&#8221;<\/strong>, Gull, A. A., Rind, A. A., &amp; Suleman, M. T. | International Journal of Finance &amp; Economics (2025)<\/p>\n\n\n\n<p class=\"wp-block-paragraph\"><strong>&#8220;Examining the role of eco-innovation in mitigating greenhouse gas emissions: A natural resource-based view&#8221;<\/strong>, Grama-Vigouroux, S., Gull, A. A., &amp; Rind, A. A. | Journal of Cleaner Production, 145714 (2025)<\/p>\n\n\n\n<p class=\"wp-block-paragraph\"><strong>&#8220;Women&#8217;s representation on boards and auditing CSR reports: an international study&#8221;<\/strong>, Gull, A. A., Abid, A., Rind, A. A., &amp; Hussain, D. | Accounting Control Audit, 30(3), 1-45 (2024)<\/p>\n\n\n\n<p class=\"wp-block-paragraph\"><strong>&#8220;Co-opted Independent Directors and Firms&#8217; Environmental Performance&#8221;<\/strong>, Saeed, A., Sarang, A. A. A., &amp; Rind, A. A. | Corporate Governance: An International Review (2024)<\/p>\n\n\n\n<p class=\"wp-block-paragraph\"><strong>&#8220;Does a co-opted director affect a firm&#8217;s financial distress risk?&#8221;<\/strong>, Sarang, A. A. A. A., Rind, A. A., Manita, R., &amp; Saeed, A. | International Journal of Finance &amp; Economics (2024)<\/p>\n\n\n\n<p class=\"wp-block-paragraph\"><strong>&#8220;The walking dead: Are Zombie firms environmentally and socially responsible? A global perspective&#8221;<\/strong>, Mashwani, A. I., Mushtaq, R., Gull, A. A., &amp; Rind, A. A. | Journal of Environmental Management (2024)<\/p>\n\n\n\n<p class=\"wp-block-paragraph\"><strong>&#8220;Herding behavior in environmental orientation: A tail of emission, innovation and resource handling&#8221;<\/strong>, Saeed, A., Thanakijsombat, T., Rind, A. A., &amp; Sarang, A. A. A. | Journal of Cleaner Production (2024)<\/p>\n\n\n\n<p class=\"wp-block-paragraph\"><strong>&#8220;Industry influence on firms&#8217; R&amp;D and innovation&#8221;<\/strong>, Rind, A. A., Abbassi, W., Bigelli, M., &amp; Rouatbi, W. | Journal of International Financial Management &amp; Accounting (2023)<\/p>\n\n\n\n<p class=\"wp-block-paragraph\"><strong>&#8220;Peer effects in financial economics: A literature survey&#8221;<\/strong>, Rind. A.A, Boubaker. S., Lajili-Jarjir, S. | Research in International Business and Finance (2023)  <\/p>\n\n\n\n<p class=\"wp-block-paragraph\"><strong>&#8220;Local peers and firm misconduct: The role of sustainability and competition&#8221;<\/strong>, Rind. A.A, Abbasi. W., Allaya. M., Hammouda. A. | Economic Modelling (2022)    <\/p>\n\n\n\n<p class=\"wp-block-paragraph\"><strong>&#8220;Women on board and the Cost of Equity: The Mediating Role of Information Asymmetry&#8221;<\/strong>, Rind. A.A, Saeed, A., Sarang. Journal of Financial Reporting and Accounting (2022)   <\/p>\n\n\n\n<p class=\"wp-block-paragraph\"><strong>&#8220;Does financial fraud affect implied cost of equity?&#8221;<\/strong>, Rind. A.A, Sarang, A. A. A., Kumar, A., Shahbaz, M. | International Journal of Finance Economics (2022) <\/p>\n\n\n\n<p class=\"wp-block-paragraph\"><strong>&#8220;Do corporate governance mechanisms curb anti-environmental behavior of firms across the world? An illustration through waste management&#8221;<\/strong>, Rind. A.A, Shahab. Y., Gull. A.A., Sarang, A.A, Ahsan.T. | Journal of Environmental Management (2022)<\/p>\n\n\n\n<p class=\"wp-block-paragraph\">&#8220;The role of peer effects in corporate employee welfare policies&#8221;, Rind. A.A, Boubaker. S., Mollah. S., Lajili-jarjir.S, Akbar. S. | British Journal of Management (2021)    <\/p>\n\n\n\n<p class=\"wp-block-paragraph\"><strong>&#8220;Is there mimicking behavior in firms&#8217; trade credit decisions?&#8221;<\/strong>, Rind. A.A, Boubaker. S., Viet. A. Review of Corporate Finance (2021)    <\/p>\n\n\n\n<p class=\"wp-block-paragraph\"><strong>&#8220;Do socially responsible firms demand high-quality audits? An International Evidence&#8221;<\/strong>, Rind. A.A, Saeed. A., Gull. A.A, Mubarik MS, and Shahbaz. M. | nternational Journal of Finance and Economics (2020)    <\/p>\n\n\n\n<p class=\"wp-block-paragraph\"><strong>&#8220;Does change in economic policy uncertainty affect Real Estate Investment Trusts (REITs)&#8221;<\/strong>, Rind. A.A, Sadhwani. R., Rajput. SK, Suleman MT | Annals of Financial Economics (2019)   <\/p>\n<\/div>\n<\/div>\n<\/div>\n\n\n\n<div class=\"ik-block-group wp-block-group fac-personnel-single grid-plus is-layout-constrained wp-block-group-is-layout-constrained\">\n<div class=\"ik-block-row wp-block-group fac-personnel-single-base is-nowrap is-layout-flex wp-container-core-group-is-layout-0e47273b wp-block-group-is-layout-flex\">\n<figure class=\"wp-block-image size-full is-resized fac-personnel-single-photo\"><img decoding=\"async\" width=\"2560\" height=\"1707\" src=\"https:\/\/www.scbs-education.com\/wp-content\/uploads\/2025\/09\/DSC07842-scaled.jpg\" alt=\"\" class=\"wp-image-1843\" style=\"width:204px;height:auto\" srcset=\"https:\/\/www.scbs-education.com\/wp-content\/uploads\/2025\/09\/DSC07842-scaled.jpg 2560w, https:\/\/www.scbs-education.com\/wp-content\/uploads\/2025\/09\/DSC07842-300x200.jpg 300w, https:\/\/www.scbs-education.com\/wp-content\/uploads\/2025\/09\/DSC07842-1024x683.jpg 1024w, https:\/\/www.scbs-education.com\/wp-content\/uploads\/2025\/09\/DSC07842-768x512.jpg 768w, https:\/\/www.scbs-education.com\/wp-content\/uploads\/2025\/09\/DSC07842-1536x1024.jpg 1536w, https:\/\/www.scbs-education.com\/wp-content\/uploads\/2025\/09\/DSC07842-2048x1365.jpg 2048w\" sizes=\"(max-width: 2560px) 100vw, 2560px\" \/><\/figure>\n\n\n\n<div class=\"ik-block-group wp-block-group fac-personnel-single-infos is-layout-constrained wp-block-group-is-layout-constrained\">\n<p class=\"fac-personnel-single-nom wp-block-paragraph\">Faisal Shahzad<\/p>\n\n\n\n<div class=\"ik-block-row wp-block-group is-nowrap is-layout-flex wp-container-core-group-is-layout-0e47273b wp-block-group-is-layout-flex\">\n<div class=\"ik-block-group wp-block-group fac-personnel-single-row-mail-fonction is-layout-constrained wp-block-group-is-layout-constrained\">\n<p class=\"fac-personnel-single-mail wp-block-paragraph\">faisal.shahzad@yschools.fr<\/p>\n\n\n\n<p class=\"fac-personnel-single-fonction wp-block-paragraph\">Permanent teacher<\/p>\n<\/div>\n\n\n\n<p class=\"fac-personnel-single-plus grid-toggle wp-block-paragraph\">See more<\/p>\n<\/div>\n<\/div>\n<\/div>\n\n\n\n<div class=\"ik-block-group wp-block-group fac-personnel-single-details grid-details is-layout-constrained wp-block-group-is-layout-constrained\">\n<div class=\"ik-block-row wp-block-group is-nowrap is-layout-flex wp-container-core-group-is-layout-0e47273b wp-block-group-is-layout-flex\">\n<div class=\"ik-block-group wp-block-group is-layout-constrained wp-block-group-is-layout-constrained\">\n<p class=\"wp-block-paragraph\"><em>Expertise<\/em><\/p>\n\n\n\n<p class=\"wp-block-paragraph\">Data analysis, Digital marketing, Entrepreneurship, Innovation, Project management.  <\/p>\n<\/div>\n\n\n\n<div class=\"ik-block-group wp-block-group is-layout-constrained wp-block-group-is-layout-constrained\">\n<p class=\"wp-block-paragraph\"><em>Last diploma<\/em><\/p>\n\n\n\n<p class=\"wp-block-paragraph\"><strong>Ph.D in Computer Science<\/strong>, University of Pau, 2021<\/p>\n<\/div>\n<\/div>\n\n\n\n<div class=\"ik-block-group wp-block-group is-layout-constrained wp-block-group-is-layout-constrained\">\n<p class=\"wp-block-paragraph\"><em>Professional experience<\/em><\/p>\n\n\n\n<p class=\"wp-block-paragraph\"><strong>SCBS &#8211; Y SCHOOLS, Permanent teacher<\/strong>, since September 2024<\/p>\n\n\n\n<p class=\"wp-block-paragraph\"><strong>SCBS &#8211; Y SCHOOLS, Lecturer<\/strong>, dec. 2021-sept.  2024<\/p>\n\n\n\n<p class=\"wp-block-paragraph\"><strong>Aurera, Developer Training<\/strong>, june- sept. 2022<\/p>\n\n\n\n<p class=\"wp-block-paragraph\"><strong>University of Pau, Teacher\/Researcher<\/strong>, dec. 2018-dec.  2021<\/p>\n\n\n\n<p class=\"wp-block-paragraph\"><strong>COMSATS University Islamabad (Pakistan), Lecturer<\/strong>, Sept. 2013-dec.  2018<\/p>\n<\/div>\n<\/div>\n<\/div>\n\n\n\n<div class=\"ik-block-group wp-block-group fac-personnel-single grid-plus is-layout-constrained wp-block-group-is-layout-constrained\">\n<div class=\"ik-block-row wp-block-group fac-personnel-single-base is-nowrap is-layout-flex wp-container-core-group-is-layout-0e47273b wp-block-group-is-layout-flex\">\n<figure class=\"wp-block-image size-full is-resized fac-personnel-single-photo\"><img decoding=\"async\" width=\"2560\" height=\"1706\" src=\"https:\/\/www.scbs-education.com\/wp-content\/uploads\/2025\/09\/DSC08566-1-scaled.jpg\" alt=\"\" class=\"wp-image-1857\" style=\"width:216px;height:auto\" srcset=\"https:\/\/www.scbs-education.com\/wp-content\/uploads\/2025\/09\/DSC08566-1-scaled.jpg 2560w, https:\/\/www.scbs-education.com\/wp-content\/uploads\/2025\/09\/DSC08566-1-300x200.jpg 300w, https:\/\/www.scbs-education.com\/wp-content\/uploads\/2025\/09\/DSC08566-1-1024x683.jpg 1024w, https:\/\/www.scbs-education.com\/wp-content\/uploads\/2025\/09\/DSC08566-1-768x512.jpg 768w, https:\/\/www.scbs-education.com\/wp-content\/uploads\/2025\/09\/DSC08566-1-1536x1024.jpg 1536w, https:\/\/www.scbs-education.com\/wp-content\/uploads\/2025\/09\/DSC08566-1-2048x1365.jpg 2048w\" sizes=\"(max-width: 2560px) 100vw, 2560px\" \/><\/figure>\n\n\n\n<div class=\"ik-block-group wp-block-group fac-personnel-single-infos is-layout-constrained wp-block-group-is-layout-constrained\">\n<p class=\"fac-personnel-single-nom wp-block-paragraph\">Ludivine Thieblemont<\/p>\n\n\n\n<div class=\"ik-block-row wp-block-group is-nowrap is-layout-flex wp-container-core-group-is-layout-0e47273b wp-block-group-is-layout-flex\">\n<div class=\"ik-block-group wp-block-group fac-personnel-single-row-mail-fonction is-layout-constrained wp-block-group-is-layout-constrained\">\n<p class=\"fac-personnel-single-mail wp-block-paragraph\">ludivine.thieblemont@yschools.fr<\/p>\n\n\n\n<p class=\"fac-personnel-single-fonction wp-block-paragraph\">Permanent teacher<\/p>\n<\/div>\n\n\n\n<p class=\"fac-personnel-single-plus grid-toggle wp-block-paragraph\">See more<\/p>\n<\/div>\n<\/div>\n<\/div>\n\n\n\n<div class=\"ik-block-group wp-block-group fac-personnel-single-details grid-details is-layout-constrained wp-block-group-is-layout-constrained\">\n<div class=\"ik-block-row wp-block-group is-nowrap is-layout-flex wp-container-core-group-is-layout-0e47273b wp-block-group-is-layout-flex\">\n<div class=\"ik-block-group wp-block-group is-layout-constrained wp-block-group-is-layout-constrained\">\n<p class=\"wp-block-paragraph\"><em>Expertise<\/em><\/p>\n\n\n\n<p class=\"wp-block-paragraph\">English, <br>French as a foreign language, <br>Spelling (referent for VOLTAIRE and LE ROBERT certifications).<\/p>\n<\/div>\n\n\n\n<div class=\"ik-block-group wp-block-group is-layout-constrained wp-block-group-is-layout-constrained\">\n<p class=\"wp-block-paragraph\"><em>Last diploma<\/em><\/p>\n\n\n\n<p class=\"wp-block-paragraph\"><strong>Master Arts, Lettres, Langues, Mondes Anglophones specialization<\/strong>, Universit\u00e9 Nancy 2, 2010.<br>TOEFL, TOEIC and TFI test administration accreditation, ETS, 2016.<br>Teaching English in elementary school accreditation, Rectorat de Troyes, 2008.<\/p>\n<\/div>\n<\/div>\n\n\n\n<div class=\"ik-block-group wp-block-group is-layout-constrained wp-block-group-is-layout-constrained\">\n<p class=\"wp-block-paragraph\"><em>Professional experience<\/em><\/p>\n\n\n\n<p class=\"wp-block-paragraph\"><strong>P\u00f4le Langues&#8221; pedagogical coordinator and permanent teacher<\/strong>, Y SCHOOLS, since 2018.<br><strong>Temporary English teacher,<\/strong> Universit\u00e9 de Reims Champagne-Ardennes, since 2015.<br><strong>English and FLE teacher in initial training,<\/strong> Ecole Sup\u00e9rieure de Commerce, 2009-2018.<br><strong>English teacher in vocational training,<\/strong> PIGIER and AFTRAL, 2012-2018.<br><strong>English language teacher in adult education,<\/strong> GRETA and ALPIX, 2013-2017.<br><strong>English language teacher in vocational and initial training,<\/strong> UTT, 2007-2014.<br><strong>English language teacher in elementary school,<\/strong> Ecoles primaires de Troyes et agglom\u00e9ration Troyenne, 2007-2008.<br><strong>Supervision of language stays, accompanist then director, <\/strong>Nacel from 2004 to 2013.<\/p>\n<\/div>\n<\/div>\n<\/div>\n\n\n\n<div class=\"ik-block-group wp-block-group fac-personnel-single grid-plus is-layout-constrained wp-block-group-is-layout-constrained\">\n<div class=\"ik-block-row wp-block-group fac-personnel-single-base is-nowrap is-layout-flex wp-container-core-group-is-layout-0e47273b wp-block-group-is-layout-flex\">\n<figure class=\"wp-block-image size-full is-resized fac-personnel-single-photo\"><img decoding=\"async\" width=\"2560\" height=\"1706\" src=\"https:\/\/www.scbs-education.com\/wp-content\/uploads\/2025\/09\/DSC07819-scaled.jpg\" alt=\"\" class=\"wp-image-1854\" style=\"width:228px;height:auto\" srcset=\"https:\/\/www.scbs-education.com\/wp-content\/uploads\/2025\/09\/DSC07819-scaled.jpg 2560w, https:\/\/www.scbs-education.com\/wp-content\/uploads\/2025\/09\/DSC07819-300x200.jpg 300w, https:\/\/www.scbs-education.com\/wp-content\/uploads\/2025\/09\/DSC07819-1024x683.jpg 1024w, https:\/\/www.scbs-education.com\/wp-content\/uploads\/2025\/09\/DSC07819-768x512.jpg 768w, https:\/\/www.scbs-education.com\/wp-content\/uploads\/2025\/09\/DSC07819-1536x1024.jpg 1536w, https:\/\/www.scbs-education.com\/wp-content\/uploads\/2025\/09\/DSC07819-2048x1365.jpg 2048w\" sizes=\"(max-width: 2560px) 100vw, 2560px\" \/><\/figure>\n\n\n\n<div class=\"ik-block-group wp-block-group fac-personnel-single-infos is-layout-constrained wp-block-group-is-layout-constrained\">\n<p class=\"fac-personnel-single-nom wp-block-paragraph\">Aysylu Valitova<\/p>\n\n\n\n<div class=\"ik-block-row wp-block-group is-nowrap is-layout-flex wp-container-core-group-is-layout-0e47273b wp-block-group-is-layout-flex\">\n<div class=\"ik-block-group wp-block-group fac-personnel-single-row-mail-fonction is-layout-constrained wp-block-group-is-layout-constrained\">\n<p class=\"fac-personnel-single-mail wp-block-paragraph\">aysylu.valitova@yschools.fr<\/p>\n\n\n\n<p class=\"fac-personnel-single-fonction wp-block-paragraph\">Associate Professor<\/p>\n<\/div>\n\n\n\n<p class=\"fac-personnel-single-plus grid-toggle wp-block-paragraph\">See more<\/p>\n<\/div>\n<\/div>\n<\/div>\n\n\n\n<div class=\"ik-block-group wp-block-group fac-personnel-single-details grid-details is-layout-constrained wp-block-group-is-layout-constrained\">\n<div class=\"ik-block-row wp-block-group is-nowrap is-layout-flex wp-container-core-group-is-layout-0e47273b wp-block-group-is-layout-flex\">\n<div class=\"ik-block-group wp-block-group is-layout-constrained wp-block-group-is-layout-constrained\">\n<p class=\"wp-block-paragraph\"><em>Expertise<\/em><\/p>\n\n\n\n<p class=\"wp-block-paragraph\">Organizational behavior, Conflict management, Organizational management, Change management, Business ethics, Human resources management.<\/p>\n<\/div>\n\n\n\n<div class=\"ik-block-group wp-block-group is-layout-constrained wp-block-group-is-layout-constrained\">\n<p class=\"wp-block-paragraph\"><em>Last diploma<\/em><\/p>\n\n\n\n<p class=\"wp-block-paragraph\"><strong>Doctorat en Sciences de gestion<\/strong> (PhD), &#8220;Gestion des conflits au travail&nbsp;: les syst\u00e8mes relationnels complexes dans trois situations en France, Canada et Russie&#8221;, international cotutelle thesis, Universit\u00e9 Lille &#8211; Laurentian University (Canada),2017<\/p>\n<\/div>\n<\/div>\n\n\n\n<div class=\"ik-block-group wp-block-group is-layout-constrained wp-block-group-is-layout-constrained\">\n<p class=\"wp-block-paragraph\"><em>Publications<\/em><\/p>\n\n\n\n<p class=\"wp-block-paragraph\"><strong>&#8220;Interpersonal relations and the life trajectories of department managers in SMEs: a case of conflict between the HRD and the manager of a productive department in a growing SME.&#8221;<\/strong>, Valitova, A., &amp; Besson, D. | Revue de gestion des ressources humaines, 136(2), 51- 73 (2025).<\/p>\n\n\n\n<p class=\"wp-block-paragraph\"><strong>&#8220;A case study of hassle at work: a psychosociological perspective&#8221;<\/strong>, Valitova, A., &amp; Besson, D. | Society and Business Review,20(2),387-403,(2025)<\/p>\n\n\n\n<p class=\"wp-block-paragraph\"><strong>&#8220;Vers la construction d&#8217;une grille d&#8217;analyse des conflits interpersonnels au sein des organisations: une \u00e9tude de cas sous le prisme des th\u00e9ories de l&#8217;Ecole de Palo Alto&#8221;<\/strong>, Valitova, A. | Revue Interdisciplinaire Management, Homme (s) &amp; Entreprise, 12(50), 23-43,(2023).<\/p>\n\n\n\n<p class=\"wp-block-paragraph\">&#8220;Interpersonal communications at core of conflicts&#8217; escalation in organization. The interplay of interpersonal comunication escalation, people&#8217;s habitus and psycho-sociological processes are more important than contextual factors&#8221;, Vaitova, A, &amp; Besson D, Journal of Organizational Change Management, 34(1)1, 3-27,(2021).<\/p>\n\n\n\n<p class=\"wp-block-paragraph\"><strong>&#8220;Interpersonal relationships versus cultural factors. Theoretical framework and comparison of the impact of cultural values in three cases of conflict in France, Canada and Russia&#8221;<\/strong>, Besson, D., &amp; Valitova, A. | International Management, 25(5), 18-36 (2021)<\/p>\n\n\n\n<p class=\"wp-block-paragraph\"><strong>&#8220;Un cas de conflit organisationnel analyse par les dynamiques communicationnelles&#8221;<\/strong>, Valitova, A., &amp; Besson, D. | Management international, 25(5), 37-53 (2021)<\/p>\n\n\n\n<p class=\"wp-block-paragraph\"><strong>&#8220;Perception of Russian employees&#8217; culture by Western managers of Western subsidiaries in Russia&#8221;<\/strong>, Aysylu Valitova &amp; Dominique Besson | Society and Business Review,13(2),195-216, (2018).<\/p>\n\n\n\n<p class=\"wp-block-paragraph\"><strong>&#8220;Pour un mod\u00e8le interdisciplinaire d&#8217;analyse des relations et des conflits en organisations, De la disciplinarit\u00e9 \u00e0 l&#8217;interdisciplinarit\u00e9&#8221;<\/strong>, Valitova, A. | Ali Reguigi, Ed. Humanities Monographic Series, Laurentian University, Ontario, Canada (2017) <\/p>\n<\/div>\n<\/div>\n\n\n\n<div class=\"ik-block-group wp-block-group fac-personnel-single-details grid-details is-layout-constrained wp-block-group-is-layout-constrained\">\n<div class=\"ik-block-group wp-block-group is-layout-constrained wp-block-group-is-layout-constrained\">\n<p class=\"wp-block-paragraph\"><\/p>\n<\/div>\n<\/div>\n<\/div>\n<\/div>\n<\/div>\n<\/section>\n\n\n\n<section class=\"ik-block-group wp-block-group alignfull scbs-bloc-colonnes has-white-background-color has-background is-layout-constrained wp-block-group-is-layout-constrained\">\n<div class=\"wp-block-columns are-vertically-aligned-center is-layout-flex wp-container-core-columns-is-layout-0e47273b wp-block-columns-is-layout-flex\">\n<div class=\"wp-block-column is-vertically-aligned-center scbs-bloc-colonnes-visu is-layout-constrained wp-block-column-is-layout-constrained\">\n<figure class=\"wp-block-image size-full\"><img decoding=\"async\" width=\"537\" height=\"597\" src=\"https:\/\/www.scbs-education.com\/wp-content\/uploads\/2025\/07\/tout-savoir-sur-notre-blog-de-la-recherche.jpg\" alt=\"\" class=\"wp-image-747\" srcset=\"https:\/\/www.scbs-education.com\/wp-content\/uploads\/2025\/07\/tout-savoir-sur-notre-blog-de-la-recherche.jpg 537w, https:\/\/www.scbs-education.com\/wp-content\/uploads\/2025\/07\/tout-savoir-sur-notre-blog-de-la-recherche-270x300.jpg 270w\" sizes=\"(max-width: 537px) 100vw, 537px\" \/><\/figure>\n<\/div>\n\n\n\n<div class=\"wp-block-column is-vertically-aligned-center scbs-bloc-colonnes-desc is-layout-constrained wp-block-column-is-layout-constrained\">\n<h2 class=\"wp-block-heading\">All about ourresearch blog<\/h2>\n\n\n\n<p class=\"wp-block-paragraph\">Blogs are an invaluable tool for research, enabling the <strong>rapid dissemination of ideas<\/strong> and results without the constraints of traditional academic publications. The aim of this dedicated blog space is to <strong>encourage exchange between researchers, students and practitioners<\/strong>, stimulating discussion and the enrichment of knowledge. Thanks to their more accessible format, these blogs will make it easier to open up to a wider audience, and will also offer greater visibility to work in progress.    <\/p>\n\n\n\n<div class=\"wp-block-buttons is-layout-flex wp-block-buttons-is-layout-flex\">\n<div class=\"wp-block-button is-style-is-still-icon is-style--icon is-style-icon\"><a class=\"wp-block-button__link wp-element-button\" href=\"https:\/\/www.scbs-education.com\/en\/news?category=blog_recherche&#038;translation_priority\" target=\"_blank\" rel=\"noreferrer noopener\" aria-label=\"See the blog - ouverture dans un nouvel onglet\">See the blog<\/a><\/div>\n<\/div>\n<\/div>\n<\/div>\n<\/section>\n\n\n\n<section class=\"ik-block-group wp-block-group alignfull scbs-bloc-colonnes intrare has-white-background-color has-background is-layout-constrained wp-block-group-is-layout-constrained\">\n<div class=\"wp-block-columns are-vertically-aligned-top is-layout-flex wp-container-core-columns-is-layout-0e47273b wp-block-columns-is-layout-flex\">\n<div class=\"wp-block-column is-vertically-aligned-top scbs-bloc-colonnes-desc is-layout-constrained wp-block-column-is-layout-constrained\">\n<h2 class=\"wp-block-heading has-large-font-size\">INTRARE &#8211; CRIEG<br><em style=\"display: inline&nbsp;!important;\">Innovation Transformation Responsibility<\/em><\/h2>\n\n\n\n<p class=\"wp-block-paragraph\">The INTRARE-CRIEG research team is made up of some thirty teacher-researchers and doctoral students from Y SCHOOLS and the Universit\u00e9 de Reims Champagne-Ardenne, working in three main areas.<\/p>\n\n\n\n<ul class=\"wp-block-list\">\n<li>The first area explores <strong>SSE, CSR and the dynamics of inclusion<\/strong>, particularly around disability.<\/li>\n\n\n\n<li>The second focuses on <strong>innovation management<\/strong> (social and technological) and <strong>entrepreneurship<\/strong>.<\/li>\n\n\n\n<li>The third axis focuses on <strong>sustainable and societal transformations<\/strong>, with work on <strong>tourism<\/strong>, <strong>consumption<\/strong> and <strong>mission-driven businesses<\/strong>.<\/li>\n<\/ul>\n\n\n\n<p class=\"wp-block-paragraph\">The team stands out for its <strong>interdisciplinary projects<\/strong>, <strong>international partnerships<\/strong> and <strong>local roots<\/strong>.<\/p>\n\n\n\n<figure class=\"wp-block-image size-medium is-resized\"><img decoding=\"async\" width=\"300\" height=\"163\" src=\"https:\/\/www.scbs-education.com\/wp-content\/uploads\/2025\/09\/intraredef-1-300x163.jpg\" alt=\"\" class=\"wp-image-18292\" style=\"width:230px\" srcset=\"https:\/\/www.scbs-education.com\/wp-content\/uploads\/2025\/09\/intraredef-1-300x163.jpg 300w, https:\/\/www.scbs-education.com\/wp-content\/uploads\/2025\/09\/intraredef-1-1024x557.jpg 1024w, https:\/\/www.scbs-education.com\/wp-content\/uploads\/2025\/09\/intraredef-1-768x418.jpg 768w, https:\/\/www.scbs-education.com\/wp-content\/uploads\/2025\/09\/intraredef-1-1536x836.jpg 1536w, https:\/\/www.scbs-education.com\/wp-content\/uploads\/2025\/09\/intraredef-1-2048x1115.jpg 2048w\" sizes=\"(max-width: 300px) 100vw, 300px\" \/><\/figure>\n<\/div>\n\n\n\n<div class=\"wp-block-column is-vertically-aligned-top scbs-bloc-colonnes-visu is-layout-constrained wp-block-column-is-layout-constrained\">\n<figure class=\"wp-block-image size-full\"><img decoding=\"async\" width=\"537\" height=\"597\" src=\"https:\/\/www.scbs-education.com\/wp-content\/uploads\/2025\/07\/equipe-de-recherche.jpg\" alt=\"\" class=\"wp-image-963\" srcset=\"https:\/\/www.scbs-education.com\/wp-content\/uploads\/2025\/07\/equipe-de-recherche.jpg 537w, https:\/\/www.scbs-education.com\/wp-content\/uploads\/2025\/07\/equipe-de-recherche-270x300.jpg 270w\" sizes=\"(max-width: 537px) 100vw, 537px\" \/><\/figure>\n<\/div>\n<\/div>\n<\/section>\n","protected":false},"excerpt":{"rendered":"<p>SCBS Explore innovations and research SCBS science policyAcademic researchof excellence and dissemination of knowledge SCBS&#8217;s scientific policy is based on two major objectives: on the one hand, the continuous improvement of academic production, both in terms of quantity and quality, and on the other, the reinforcement of the dissemination of work to a variety of [&hellip;]<\/p>\n","protected":false},"author":1,"featured_media":0,"parent":19097,"menu_order":0,"comment_status":"closed","ping_status":"closed","template":"","meta":{"_acf_changed":false,"footnotes":""},"class_list":["post-19104","page","type-page","status-publish","hentry"],"acf":[],"yoast_head":"<!-- This site is optimized with the Yoast SEO plugin v28.3 - https:\/\/yoast.com\/product\/yoast-seo-wordpress\/ -->\n<title>SCBS - Research and pedagogical innovation<\/title>\n<meta name=\"description\" content=\"Discover SCBS&#039;s research and teaching approach: laboratories, publications and project-based teaching.\" \/>\n<meta name=\"robots\" content=\"index, follow, max-snippet:-1, max-image-preview:large, max-video-preview:-1\" \/>\n<link rel=\"canonical\" href=\"https:\/\/www.scbs-education.com\/en\/faculte\/research-education\" \/>\n<meta property=\"og:locale\" content=\"en_US\" \/>\n<meta property=\"og:type\" content=\"article\" \/>\n<meta property=\"og:title\" content=\"SCBS - Research and pedagogical innovation\" \/>\n<meta property=\"og:description\" content=\"Discover SCBS&#039;s research and teaching approach: laboratories, publications and project-based teaching.\" \/>\n<meta property=\"og:url\" content=\"https:\/\/www.scbs-education.com\/en\/faculte\/research-education\" \/>\n<meta property=\"og:site_name\" content=\"SCBS\" \/>\n<meta property=\"article:publisher\" content=\"https:\/\/www.facebook.com\/SouthChampagneBS\/?locale=fr_FR\" \/>\n<meta property=\"article:modified_time\" content=\"2026-01-14T13:32:30+00:00\" \/>\n<meta property=\"og:image\" content=\"https:\/\/www.scbs-education.com\/wp-content\/uploads\/2025\/07\/explorez-les-innovations-et-travaux-de-recherche.jpg\" \/>\n\t<meta property=\"og:image:width\" content=\"577\" \/>\n\t<meta property=\"og:image:height\" content=\"366\" \/>\n\t<meta property=\"og:image:type\" content=\"image\/jpeg\" \/>\n<meta name=\"twitter:card\" content=\"summary_large_image\" \/>\n<meta name=\"twitter:site\" content=\"@scbs_edu\" \/>\n<meta name=\"twitter:label1\" content=\"Est. reading time\" \/>\n\t<meta name=\"twitter:data1\" content=\"30 minutes\" \/>\n<script type=\"application\/ld+json\" class=\"yoast-schema-graph\">{\"@context\":\"https:\\\/\\\/schema.org\",\"@graph\":[{\"@type\":\"WebPage\",\"@id\":\"https:\\\/\\\/www.scbs-education.com\\\/en\\\/faculte\\\/research-education\",\"url\":\"https:\\\/\\\/www.scbs-education.com\\\/en\\\/faculte\\\/research-education\",\"name\":\"SCBS - Research and pedagogical innovation\",\"isPartOf\":{\"@id\":\"https:\\\/\\\/www.scbs-education.com\\\/en#website\"},\"primaryImageOfPage\":{\"@id\":\"https:\\\/\\\/www.scbs-education.com\\\/en\\\/faculte\\\/research-education#primaryimage\"},\"image\":{\"@id\":\"https:\\\/\\\/www.scbs-education.com\\\/en\\\/faculte\\\/research-education#primaryimage\"},\"thumbnailUrl\":\"https:\\\/\\\/www.scbs-education.com\\\/wp-content\\\/uploads\\\/2025\\\/07\\\/explorez-les-innovations-et-travaux-de-recherche.jpg\",\"datePublished\":\"2025-07-15T12:46:49+00:00\",\"dateModified\":\"2026-01-14T13:32:30+00:00\",\"description\":\"Discover SCBS's research and teaching approach: laboratories, publications and project-based teaching.\",\"breadcrumb\":{\"@id\":\"https:\\\/\\\/www.scbs-education.com\\\/en\\\/faculte\\\/research-education#breadcrumb\"},\"inLanguage\":\"en-US\",\"potentialAction\":[{\"@type\":\"ReadAction\",\"target\":[\"https:\\\/\\\/www.scbs-education.com\\\/en\\\/faculte\\\/research-education\"]}]},{\"@type\":\"ImageObject\",\"inLanguage\":\"en-US\",\"@id\":\"https:\\\/\\\/www.scbs-education.com\\\/en\\\/faculte\\\/research-education#primaryimage\",\"url\":\"https:\\\/\\\/www.scbs-education.com\\\/wp-content\\\/uploads\\\/2025\\\/07\\\/explorez-les-innovations-et-travaux-de-recherche.jpg\",\"contentUrl\":\"https:\\\/\\\/www.scbs-education.com\\\/wp-content\\\/uploads\\\/2025\\\/07\\\/explorez-les-innovations-et-travaux-de-recherche.jpg\"},{\"@type\":\"BreadcrumbList\",\"@id\":\"https:\\\/\\\/www.scbs-education.com\\\/en\\\/faculte\\\/research-education#breadcrumb\",\"itemListElement\":[{\"@type\":\"ListItem\",\"position\":1,\"name\":\"SCBS\",\"item\":\"https:\\\/\\\/www.scbs-education.com\\\/en\"},{\"@type\":\"ListItem\",\"position\":2,\"name\":\"Faculty\",\"item\":\"https:\\\/\\\/www.scbs-education.com\\\/en?page_id=19097\"},{\"@type\":\"ListItem\",\"position\":3,\"name\":\"Research &amp; education\"}]},{\"@type\":\"WebSite\",\"@id\":\"https:\\\/\\\/www.scbs-education.com\\\/en#website\",\"url\":\"https:\\\/\\\/www.scbs-education.com\\\/en\",\"name\":\"SCBS\",\"description\":\"\",\"publisher\":{\"@id\":\"https:\\\/\\\/www.scbs-education.com\\\/en#organization\"},\"potentialAction\":[{\"@type\":\"SearchAction\",\"target\":{\"@type\":\"EntryPoint\",\"urlTemplate\":\"https:\\\/\\\/www.scbs-education.com\\\/en?s={search_term_string}\"},\"query-input\":{\"@type\":\"PropertyValueSpecification\",\"valueRequired\":true,\"valueName\":\"search_term_string\"}}],\"inLanguage\":\"en-US\"},{\"@type\":\"Organization\",\"@id\":\"https:\\\/\\\/www.scbs-education.com\\\/en#organization\",\"name\":\"SCBS\",\"url\":\"https:\\\/\\\/www.scbs-education.com\\\/en\",\"logo\":{\"@type\":\"ImageObject\",\"inLanguage\":\"en-US\",\"@id\":\"https:\\\/\\\/www.scbs-education.com\\\/en#\\\/schema\\\/logo\\\/image\\\/\",\"url\":\"https:\\\/\\\/www.scbs-education.com\\\/wp-content\\\/uploads\\\/2025\\\/07\\\/SCBS-Logo-Primary.svg\",\"contentUrl\":\"https:\\\/\\\/www.scbs-education.com\\\/wp-content\\\/uploads\\\/2025\\\/07\\\/SCBS-Logo-Primary.svg\",\"caption\":\"SCBS\"},\"image\":{\"@id\":\"https:\\\/\\\/www.scbs-education.com\\\/en#\\\/schema\\\/logo\\\/image\\\/\"},\"sameAs\":[\"https:\\\/\\\/www.facebook.com\\\/SouthChampagneBS\\\/?locale=fr_FR\",\"https:\\\/\\\/x.com\\\/scbs_edu\",\"https:\\\/\\\/www.instagram.com\\\/scbs_edu\\\/\",\"https:\\\/\\\/www.tiktok.com\\\/@scbs_edu\"]}]}<\/script>\n<!-- \/ Yoast SEO plugin. -->","yoast_head_json":{"title":"SCBS - Research and pedagogical innovation","description":"Discover SCBS's research and teaching approach: laboratories, publications and project-based teaching.","robots":{"index":"index","follow":"follow","max-snippet":"max-snippet:-1","max-image-preview":"max-image-preview:large","max-video-preview":"max-video-preview:-1"},"canonical":"https:\/\/www.scbs-education.com\/en\/faculte\/research-education","og_locale":"en_US","og_type":"article","og_title":"SCBS - Research and pedagogical innovation","og_description":"Discover SCBS's research and teaching approach: laboratories, publications and project-based teaching.","og_url":"https:\/\/www.scbs-education.com\/en\/faculte\/research-education","og_site_name":"SCBS","article_publisher":"https:\/\/www.facebook.com\/SouthChampagneBS\/?locale=fr_FR","article_modified_time":"2026-01-14T13:32:30+00:00","og_image":[{"width":577,"height":366,"url":"https:\/\/www.scbs-education.com\/wp-content\/uploads\/2025\/07\/explorez-les-innovations-et-travaux-de-recherche.jpg","type":"image\/jpeg"}],"twitter_card":"summary_large_image","twitter_site":"@scbs_edu","twitter_misc":{"Est. reading time":"30 minutes"},"schema":{"@context":"https:\/\/schema.org","@graph":[{"@type":"WebPage","@id":"https:\/\/www.scbs-education.com\/en\/faculte\/research-education","url":"https:\/\/www.scbs-education.com\/en\/faculte\/research-education","name":"SCBS - Research and pedagogical innovation","isPartOf":{"@id":"https:\/\/www.scbs-education.com\/en#website"},"primaryImageOfPage":{"@id":"https:\/\/www.scbs-education.com\/en\/faculte\/research-education#primaryimage"},"image":{"@id":"https:\/\/www.scbs-education.com\/en\/faculte\/research-education#primaryimage"},"thumbnailUrl":"https:\/\/www.scbs-education.com\/wp-content\/uploads\/2025\/07\/explorez-les-innovations-et-travaux-de-recherche.jpg","datePublished":"2025-07-15T12:46:49+00:00","dateModified":"2026-01-14T13:32:30+00:00","description":"Discover SCBS's research and teaching approach: laboratories, publications and project-based teaching.","breadcrumb":{"@id":"https:\/\/www.scbs-education.com\/en\/faculte\/research-education#breadcrumb"},"inLanguage":"en-US","potentialAction":[{"@type":"ReadAction","target":["https:\/\/www.scbs-education.com\/en\/faculte\/research-education"]}]},{"@type":"ImageObject","inLanguage":"en-US","@id":"https:\/\/www.scbs-education.com\/en\/faculte\/research-education#primaryimage","url":"https:\/\/www.scbs-education.com\/wp-content\/uploads\/2025\/07\/explorez-les-innovations-et-travaux-de-recherche.jpg","contentUrl":"https:\/\/www.scbs-education.com\/wp-content\/uploads\/2025\/07\/explorez-les-innovations-et-travaux-de-recherche.jpg"},{"@type":"BreadcrumbList","@id":"https:\/\/www.scbs-education.com\/en\/faculte\/research-education#breadcrumb","itemListElement":[{"@type":"ListItem","position":1,"name":"SCBS","item":"https:\/\/www.scbs-education.com\/en"},{"@type":"ListItem","position":2,"name":"Faculty","item":"https:\/\/www.scbs-education.com\/en?page_id=19097"},{"@type":"ListItem","position":3,"name":"Research &amp; education"}]},{"@type":"WebSite","@id":"https:\/\/www.scbs-education.com\/en#website","url":"https:\/\/www.scbs-education.com\/en","name":"SCBS","description":"","publisher":{"@id":"https:\/\/www.scbs-education.com\/en#organization"},"potentialAction":[{"@type":"SearchAction","target":{"@type":"EntryPoint","urlTemplate":"https:\/\/www.scbs-education.com\/en?s={search_term_string}"},"query-input":{"@type":"PropertyValueSpecification","valueRequired":true,"valueName":"search_term_string"}}],"inLanguage":"en-US"},{"@type":"Organization","@id":"https:\/\/www.scbs-education.com\/en#organization","name":"SCBS","url":"https:\/\/www.scbs-education.com\/en","logo":{"@type":"ImageObject","inLanguage":"en-US","@id":"https:\/\/www.scbs-education.com\/en#\/schema\/logo\/image\/","url":"https:\/\/www.scbs-education.com\/wp-content\/uploads\/2025\/07\/SCBS-Logo-Primary.svg","contentUrl":"https:\/\/www.scbs-education.com\/wp-content\/uploads\/2025\/07\/SCBS-Logo-Primary.svg","caption":"SCBS"},"image":{"@id":"https:\/\/www.scbs-education.com\/en#\/schema\/logo\/image\/"},"sameAs":["https:\/\/www.facebook.com\/SouthChampagneBS\/?locale=fr_FR","https:\/\/x.com\/scbs_edu","https:\/\/www.instagram.com\/scbs_edu\/","https:\/\/www.tiktok.com\/@scbs_edu"]}]}},"_links":{"self":[{"href":"https:\/\/www.scbs-education.com\/en\/wp-json\/wp\/v2\/pages\/19104","targetHints":{"allow":["GET"]}}],"collection":[{"href":"https:\/\/www.scbs-education.com\/en\/wp-json\/wp\/v2\/pages"}],"about":[{"href":"https:\/\/www.scbs-education.com\/en\/wp-json\/wp\/v2\/types\/page"}],"author":[{"embeddable":true,"href":"https:\/\/www.scbs-education.com\/en\/wp-json\/wp\/v2\/users\/1"}],"replies":[{"embeddable":true,"href":"https:\/\/www.scbs-education.com\/en\/wp-json\/wp\/v2\/comments?post=19104"}],"version-history":[{"count":7,"href":"https:\/\/www.scbs-education.com\/en\/wp-json\/wp\/v2\/pages\/19104\/revisions"}],"predecessor-version":[{"id":19912,"href":"https:\/\/www.scbs-education.com\/en\/wp-json\/wp\/v2\/pages\/19104\/revisions\/19912"}],"up":[{"embeddable":true,"href":"https:\/\/www.scbs-education.com\/en\/wp-json\/wp\/v2\/pages\/19097"}],"wp:attachment":[{"href":"https:\/\/www.scbs-education.com\/en\/wp-json\/wp\/v2\/media?parent=19104"}],"curies":[{"name":"wp","href":"https:\/\/api.w.org\/{rel}","templated":true}]}}